{"id":4418,"date":"2025-06-30T11:52:15","date_gmt":"2025-06-30T09:52:15","guid":{"rendered":"https:\/\/estudiblanc.net\/?page_id=4418"},"modified":"2025-07-10T12:05:09","modified_gmt":"2025-07-10T10:05:09","slug":"proyectos","status":"publish","type":"page","link":"https:\/\/estudiblanc.net\/es\/proyectos\/","title":{"rendered":"Proyectos"},"content":{"rendered":"<p><div class=\"fusion-fullwidth fullwidth-box fusion-builder-row-1 fusion-flex-container has-pattern-background has-mask-background nonhundred-percent-fullwidth non-hundred-percent-height-scrolling\" style=\"--awb-border-radius-top-left:0px;--awb-border-radius-top-right:0px;--awb-border-radius-bottom-right:0px;--awb-border-radius-bottom-left:0px;--awb-flex-wrap:wrap;\" ><div class=\"fusion-builder-row fusion-row fusion-flex-align-items-flex-start fusion-flex-content-wrap\" style=\"max-width:1331.2px;margin-left: calc(-4% \/ 2 );margin-right: calc(-4% \/ 2 );\"><div class=\"fusion-layout-column fusion_builder_column fusion-builder-column-0 fusion_builder_column_1_1 1_1 fusion-flex-column\" style=\"--awb-bg-size:cover;--awb-width-large:100%;--awb-margin-top-large:0px;--awb-spacing-right-large:1.92%;--awb-margin-bottom-large:20px;--awb-spacing-left-large:1.92%;--awb-width-medium:100%;--awb-order-medium:0;--awb-spacing-right-medium:1.92%;--awb-spacing-left-medium:1.92%;--awb-width-small:100%;--awb-order-small:0;--awb-spacing-right-small:1.92%;--awb-spacing-left-small:1.92%;\"><div class=\"fusion-column-wrapper fusion-column-has-shadow fusion-flex-justify-content-flex-start fusion-content-layout-column\"><div class=\"fusion-recent-works fusion-portfolio-element fusion-portfolio fusion-portfolio-1 fusion-portfolio-grid fusion-portfolio-paging-pagination fusion-portfolio-four fusion-portfolio-no_text fusion-portfolio-rollover\" style=\"margin-bottom:10px;\" data-id=\"-rw-1\" data-columns=\"four\"><div><ul class=\"fusion-filters\" role=\"menu\" aria-label=\"Portfolio Filters\"><li role=\"presentation\" class=\"fusion-filter fusion-filter-all fusion-active\"><a href=\"#\" data-filter=\"*\" role=\"menuitem\">Todos<\/a><\/li><li role=\"presentation\" class=\"fusion-filter fusion-hidden\"><a href=\"#\" data-filter=\".diseno-y-comunicacion\" role=\"menuitem\">Dise\u00f1o y comunicaci\u00f3n<\/a><\/li><li role=\"presentation\" class=\"fusion-filter fusion-hidden\"><a href=\"#\" data-filter=\".museografia-y-exposiciones\" role=\"menuitem\">Museograf\u00eda y exposiciones<\/a><\/li><\/ul><\/div><style type=\"text\/css\">.fusion-portfolio-1 .fusion-portfolio-wrapper .fusion-col-spacing{padding:5px;}<\/style><div class=\"fusion-portfolio-wrapper\" id=\"fusion-portfolio-1\" data-picturesize=\"auto\" data-pages=\"0\" style=\"margin:-5px;\"><article id=\"portfolio-1-post-4649\" class=\"fusion-portfolio-post diseno-y-comunicacion fusion-col-spacing post-4649\"><div class=\"fusion-portfolio-content-wrapper\" style=\"border:none;\"><div  class=\"fusion-image-wrapper\" aria-haspopup=\"true\">\n\t\t\t\t<img decoding=\"async\" width=\"2000\" height=\"2000\" src=\"https:\/\/estudiblanc.net\/wp-content\/uploads\/2026\/02\/Campus-Clinic_0.jpg\" class=\"attachment-full size-full wp-post-image\" alt=\"\" srcset=\"https:\/\/estudiblanc.net\/wp-content\/uploads\/2026\/02\/Campus-Clinic_0-200x200.jpg 200w, https:\/\/estudiblanc.net\/wp-content\/uploads\/2026\/02\/Campus-Clinic_0-400x400.jpg 400w, https:\/\/estudiblanc.net\/wp-content\/uploads\/2026\/02\/Campus-Clinic_0-600x600.jpg 600w, https:\/\/estudiblanc.net\/wp-content\/uploads\/2026\/02\/Campus-Clinic_0-800x800.jpg 800w, https:\/\/estudiblanc.net\/wp-content\/uploads\/2026\/02\/Campus-Clinic_0-1200x1200.jpg 1200w, https:\/\/estudiblanc.net\/wp-content\/uploads\/2026\/02\/Campus-Clinic_0.jpg 2000w\" sizes=\"(min-width: 2200px) 100vw, (min-width: 856px) 313px, (min-width: 784px) 417px, (min-width: 712px) 625px, (min-width: 640px) 712px, \" \/><div class=\"fusion-rollover\">\n\t<div class=\"fusion-rollover-content\">\n\n\t\t\t\t\n\t\t\n\t\t\t\t\t\t\t\t\t\t\t\t<h4 class=\"fusion-rollover-title\">\n\t\t\t\t\t<a class=\"fusion-rollover-title-link\" href=\"https:\/\/estudiblanc.net\/es\/proyecto\/campus-de-salut-clinic-ub\/\">\n\t\t\t\t\t\tCampus de Salut Cl\u00ednic-UB\t\t\t\t\t<\/a>\n\t\t\t\t<\/h4>\n\t\t\t\n\t\t\t\t\t\t\t\t\t\t<div class=\"fusion-rollover-categories\"><a href=\"https:\/\/estudiblanc.net\/es\/portfolio_category\/diseno-y-comunicacion\/\" rel=\"tag\">Dise\u00f1o y comunicaci\u00f3n<\/a><\/div>\t\t\t\t\t\n\t\t\n\t\t\t\t\t\t<a class=\"fusion-link-wrapper\" href=\"https:\/\/estudiblanc.net\/es\/proyecto\/campus-de-salut-clinic-ub\/\" aria-label=\"Campus de Salut Cl\u00ednic-UB\"><\/a>\n\t<\/div>\n<\/div>\n<\/div>\n<\/div><\/article><article id=\"portfolio-1-post-4605\" class=\"fusion-portfolio-post diseno-y-comunicacion fusion-col-spacing post-4605\"><div class=\"fusion-portfolio-content-wrapper\" style=\"border:none;\"><div  class=\"fusion-image-wrapper\" aria-haspopup=\"true\">\n\t\t\t\t<img decoding=\"async\" width=\"1107\" height=\"1107\" src=\"https:\/\/estudiblanc.net\/wp-content\/uploads\/2026\/02\/Campanya-comunicacio_0.jpg\" class=\"attachment-full size-full wp-post-image\" alt=\"\" srcset=\"https:\/\/estudiblanc.net\/wp-content\/uploads\/2026\/02\/Campanya-comunicacio_0-200x200.jpg 200w, https:\/\/estudiblanc.net\/wp-content\/uploads\/2026\/02\/Campanya-comunicacio_0-400x400.jpg 400w, https:\/\/estudiblanc.net\/wp-content\/uploads\/2026\/02\/Campanya-comunicacio_0-600x600.jpg 600w, https:\/\/estudiblanc.net\/wp-content\/uploads\/2026\/02\/Campanya-comunicacio_0-800x800.jpg 800w, https:\/\/estudiblanc.net\/wp-content\/uploads\/2026\/02\/Campanya-comunicacio_0.jpg 1107w\" sizes=\"(min-width: 2200px) 100vw, (min-width: 856px) 313px, (min-width: 784px) 417px, (min-width: 712px) 625px, (min-width: 640px) 712px, \" \/><div class=\"fusion-rollover\">\n\t<div class=\"fusion-rollover-content\">\n\n\t\t\t\t\n\t\t\n\t\t\t\t\t\t\t\t\t\t\t\t<h4 class=\"fusion-rollover-title\">\n\t\t\t\t\t<a class=\"fusion-rollover-title-link\" href=\"https:\/\/estudiblanc.net\/es\/proyecto\/campana-de-comunicacion-somos-comunidad-educativa\/\">\n\t\t\t\t\t\tCampa\u00f1a de comunicaci\u00f3n \u201cSomos comunidad educativa\u201d\t\t\t\t\t<\/a>\n\t\t\t\t<\/h4>\n\t\t\t\n\t\t\t\t\t\t\t\t\t\t<div class=\"fusion-rollover-categories\"><a href=\"https:\/\/estudiblanc.net\/es\/portfolio_category\/diseno-y-comunicacion\/\" rel=\"tag\">Dise\u00f1o y comunicaci\u00f3n<\/a><\/div>\t\t\t\t\t\n\t\t\n\t\t\t\t\t\t<a class=\"fusion-link-wrapper\" href=\"https:\/\/estudiblanc.net\/es\/proyecto\/campana-de-comunicacion-somos-comunidad-educativa\/\" aria-label=\"Campa\u00f1a de comunicaci\u00f3n \u201cSomos comunidad educativa\u201d\"><\/a>\n\t<\/div>\n<\/div>\n<\/div>\n<\/div><\/article><article id=\"portfolio-1-post-4608\" class=\"fusion-portfolio-post museografia-y-exposiciones fusion-col-spacing post-4608\"><div class=\"fusion-portfolio-content-wrapper\" style=\"border:none;\"><div  class=\"fusion-image-wrapper\" aria-haspopup=\"true\">\n\t\t\t\t<img decoding=\"async\" width=\"800\" height=\"800\" src=\"https:\/\/estudiblanc.net\/wp-content\/uploads\/2026\/02\/Tinta-contra-Hitler_0.jpg\" class=\"attachment-full size-full wp-post-image\" alt=\"\" srcset=\"https:\/\/estudiblanc.net\/wp-content\/uploads\/2026\/02\/Tinta-contra-Hitler_0-200x200.jpg 200w, https:\/\/estudiblanc.net\/wp-content\/uploads\/2026\/02\/Tinta-contra-Hitler_0-400x400.jpg 400w, https:\/\/estudiblanc.net\/wp-content\/uploads\/2026\/02\/Tinta-contra-Hitler_0-600x600.jpg 600w, https:\/\/estudiblanc.net\/wp-content\/uploads\/2026\/02\/Tinta-contra-Hitler_0.jpg 800w\" sizes=\"(min-width: 2200px) 100vw, (min-width: 856px) 313px, (min-width: 784px) 417px, (min-width: 712px) 625px, (min-width: 640px) 712px, \" \/><div class=\"fusion-rollover\">\n\t<div class=\"fusion-rollover-content\">\n\n\t\t\t\t\n\t\t\n\t\t\t\t\t\t\t\t\t\t\t\t<h4 class=\"fusion-rollover-title\">\n\t\t\t\t\t<a class=\"fusion-rollover-title-link\" href=\"https:\/\/estudiblanc.net\/es\/proyecto\/tinta-contra-hitler-mario-armengol-caricaturista-en-la-segunda-guerra-mundial-mnac\/\">\n\t\t\t\t\t\tTinta contra Hitler. Mario Armengol, caricaturista en la Segunda Guerra Mundial (MNAC).\t\t\t\t\t<\/a>\n\t\t\t\t<\/h4>\n\t\t\t\n\t\t\t\t\t\t\t\t\t\t<div class=\"fusion-rollover-categories\"><a href=\"https:\/\/estudiblanc.net\/es\/portfolio_category\/museografia-y-exposiciones\/\" rel=\"tag\">Museograf\u00eda y exposiciones<\/a><\/div>\t\t\t\t\t\n\t\t\n\t\t\t\t\t\t<a class=\"fusion-link-wrapper\" href=\"https:\/\/estudiblanc.net\/es\/proyecto\/tinta-contra-hitler-mario-armengol-caricaturista-en-la-segunda-guerra-mundial-mnac\/\" aria-label=\"Tinta contra Hitler. Mario Armengol, caricaturista en la Segunda Guerra Mundial (MNAC).\"><\/a>\n\t<\/div>\n<\/div>\n<\/div>\n<\/div><\/article><article id=\"portfolio-1-post-4613\" class=\"fusion-portfolio-post museografia-y-exposiciones fusion-col-spacing post-4613\"><div class=\"fusion-portfolio-content-wrapper\" style=\"border:none;\"><div  class=\"fusion-image-wrapper\" aria-haspopup=\"true\">\n\t\t\t\t<img decoding=\"async\" width=\"800\" height=\"800\" src=\"https:\/\/estudiblanc.net\/wp-content\/uploads\/2026\/02\/dibuixos-museu-nacional_0.jpg\" class=\"attachment-full size-full wp-post-image\" alt=\"\" srcset=\"https:\/\/estudiblanc.net\/wp-content\/uploads\/2026\/02\/dibuixos-museu-nacional_0-200x200.jpg 200w, https:\/\/estudiblanc.net\/wp-content\/uploads\/2026\/02\/dibuixos-museu-nacional_0-400x400.jpg 400w, https:\/\/estudiblanc.net\/wp-content\/uploads\/2026\/02\/dibuixos-museu-nacional_0-600x600.jpg 600w, https:\/\/estudiblanc.net\/wp-content\/uploads\/2026\/02\/dibuixos-museu-nacional_0.jpg 800w\" sizes=\"(min-width: 2200px) 100vw, (min-width: 856px) 313px, (min-width: 784px) 417px, (min-width: 712px) 625px, (min-width: 640px) 712px, \" \/><div class=\"fusion-rollover\">\n\t<div class=\"fusion-rollover-content\">\n\n\t\t\t\t\n\t\t\n\t\t\t\t\t\t\t\t\t\t\t\t<h4 class=\"fusion-rollover-title\">\n\t\t\t\t\t<a class=\"fusion-rollover-title-link\" href=\"https:\/\/estudiblanc.net\/es\/proyecto\/destellos-de-la-guerra-1914-1918-dibujos-del-museu-nacional-mnac\/\">\n\t\t\t\t\t\tDestellos de la Guerra 1914-1918. Dibujos del Museu Nacional (MNAC).\t\t\t\t\t<\/a>\n\t\t\t\t<\/h4>\n\t\t\t\n\t\t\t\t\t\t\t\t\t\t<div class=\"fusion-rollover-categories\"><a href=\"https:\/\/estudiblanc.net\/es\/portfolio_category\/museografia-y-exposiciones\/\" rel=\"tag\">Museograf\u00eda y exposiciones<\/a><\/div>\t\t\t\t\t\n\t\t\n\t\t\t\t\t\t<a class=\"fusion-link-wrapper\" href=\"https:\/\/estudiblanc.net\/es\/proyecto\/destellos-de-la-guerra-1914-1918-dibujos-del-museu-nacional-mnac\/\" aria-label=\"Destellos de la Guerra 1914-1918. Dibujos del Museu Nacional (MNAC).\"><\/a>\n\t<\/div>\n<\/div>\n<\/div>\n<\/div><\/article><article id=\"portfolio-1-post-4499\" class=\"fusion-portfolio-post diseno-y-comunicacion fusion-col-spacing post-4499\"><div class=\"fusion-portfolio-content-wrapper\" style=\"border:none;\"><div  class=\"fusion-image-wrapper\" aria-haspopup=\"true\">\n\t\t\t\t<img decoding=\"async\" width=\"1211\" height=\"1211\" src=\"https:\/\/estudiblanc.net\/wp-content\/uploads\/2025\/07\/Palau-Guell_1.jpg\" class=\"attachment-full size-full wp-post-image\" alt=\"Estudi Blanc I B\u00e0rbara Blanc I Disseny - Proyectos - El Palau G\u00fcell. Una casa diferente\" srcset=\"https:\/\/estudiblanc.net\/wp-content\/uploads\/2025\/07\/Palau-Guell_1-200x200.jpg 200w, https:\/\/estudiblanc.net\/wp-content\/uploads\/2025\/07\/Palau-Guell_1-400x400.jpg 400w, https:\/\/estudiblanc.net\/wp-content\/uploads\/2025\/07\/Palau-Guell_1-600x600.jpg 600w, https:\/\/estudiblanc.net\/wp-content\/uploads\/2025\/07\/Palau-Guell_1-800x800.jpg 800w, https:\/\/estudiblanc.net\/wp-content\/uploads\/2025\/07\/Palau-Guell_1-1200x1200.jpg 1200w, https:\/\/estudiblanc.net\/wp-content\/uploads\/2025\/07\/Palau-Guell_1.jpg 1211w\" sizes=\"(min-width: 2200px) 100vw, (min-width: 856px) 313px, (min-width: 784px) 417px, (min-width: 712px) 625px, (min-width: 640px) 712px, \" \/><div class=\"fusion-rollover\">\n\t<div class=\"fusion-rollover-content\">\n\n\t\t\t\t\n\t\t\n\t\t\t\t\t\t\t\t\t\t\t\t<h4 class=\"fusion-rollover-title\">\n\t\t\t\t\t<a class=\"fusion-rollover-title-link\" href=\"https:\/\/estudiblanc.net\/es\/proyecto\/el-palau-guell-una-casa-diferente\/\">\n\t\t\t\t\t\tEl Palau G\u00fcell. Una casa diferente\t\t\t\t\t<\/a>\n\t\t\t\t<\/h4>\n\t\t\t\n\t\t\t\t\t\t\t\t\t\t<div class=\"fusion-rollover-categories\"><a href=\"https:\/\/estudiblanc.net\/es\/portfolio_category\/diseno-y-comunicacion\/\" rel=\"tag\">Dise\u00f1o y comunicaci\u00f3n<\/a><\/div>\t\t\t\t\t\n\t\t\n\t\t\t\t\t\t<a class=\"fusion-link-wrapper\" href=\"https:\/\/estudiblanc.net\/es\/proyecto\/el-palau-guell-una-casa-diferente\/\" aria-label=\"El Palau G\u00fcell. Una casa diferente\"><\/a>\n\t<\/div>\n<\/div>\n<\/div>\n<\/div><\/article><article id=\"portfolio-1-post-4497\" class=\"fusion-portfolio-post diseno-y-comunicacion fusion-col-spacing post-4497\"><div class=\"fusion-portfolio-content-wrapper\" style=\"border:none;\"><div  class=\"fusion-image-wrapper\" aria-haspopup=\"true\">\n\t\t\t\t<img decoding=\"async\" width=\"800\" height=\"800\" src=\"https:\/\/estudiblanc.net\/wp-content\/uploads\/2025\/02\/La-Industrial_0.jpg\" class=\"attachment-full size-full wp-post-image\" alt=\"\" srcset=\"https:\/\/estudiblanc.net\/wp-content\/uploads\/2025\/02\/La-Industrial_0-200x200.jpg 200w, https:\/\/estudiblanc.net\/wp-content\/uploads\/2025\/02\/La-Industrial_0-400x400.jpg 400w, https:\/\/estudiblanc.net\/wp-content\/uploads\/2025\/02\/La-Industrial_0-600x600.jpg 600w, https:\/\/estudiblanc.net\/wp-content\/uploads\/2025\/02\/La-Industrial_0.jpg 800w\" sizes=\"(min-width: 2200px) 100vw, (min-width: 856px) 313px, (min-width: 784px) 417px, (min-width: 712px) 625px, (min-width: 640px) 712px, \" \/><div class=\"fusion-rollover\">\n\t<div class=\"fusion-rollover-content\">\n\n\t\t\t\t\n\t\t\n\t\t\t\t\t\t\t\t\t\t\t\t<h4 class=\"fusion-rollover-title\">\n\t\t\t\t\t<a class=\"fusion-rollover-title-link\" href=\"https:\/\/estudiblanc.net\/es\/proyecto\/la-industrial\/\">\n\t\t\t\t\t\tLa industrial +\t\t\t\t\t<\/a>\n\t\t\t\t<\/h4>\n\t\t\t\n\t\t\t\t\t\t\t\t\t\t<div class=\"fusion-rollover-categories\"><a href=\"https:\/\/estudiblanc.net\/es\/portfolio_category\/diseno-y-comunicacion\/\" rel=\"tag\">Dise\u00f1o y comunicaci\u00f3n<\/a><\/div>\t\t\t\t\t\n\t\t\n\t\t\t\t\t\t<a class=\"fusion-link-wrapper\" href=\"https:\/\/estudiblanc.net\/es\/proyecto\/la-industrial\/\" aria-label=\"La industrial +\"><\/a>\n\t<\/div>\n<\/div>\n<\/div>\n<\/div><\/article><article id=\"portfolio-1-post-4495\" class=\"fusion-portfolio-post diseno-y-comunicacion fusion-col-spacing post-4495\"><div class=\"fusion-portfolio-content-wrapper\" style=\"border:none;\"><div  class=\"fusion-image-wrapper\" aria-haspopup=\"true\">\n\t\t\t\t<img decoding=\"async\" width=\"800\" height=\"800\" src=\"https:\/\/estudiblanc.net\/wp-content\/uploads\/2025\/02\/Llibreria-DIBA_0-1.jpg\" class=\"attachment-full size-full wp-post-image\" alt=\"Estudi Blanc I B\u00e0rbara Blanc I Disseny - Proyectos - Librer\u00eda de la Diputaci\u00f3 de Barcelona\" srcset=\"https:\/\/estudiblanc.net\/wp-content\/uploads\/2025\/02\/Llibreria-DIBA_0-1-200x200.jpg 200w, https:\/\/estudiblanc.net\/wp-content\/uploads\/2025\/02\/Llibreria-DIBA_0-1-400x400.jpg 400w, https:\/\/estudiblanc.net\/wp-content\/uploads\/2025\/02\/Llibreria-DIBA_0-1-600x600.jpg 600w, https:\/\/estudiblanc.net\/wp-content\/uploads\/2025\/02\/Llibreria-DIBA_0-1.jpg 800w\" sizes=\"(min-width: 2200px) 100vw, (min-width: 856px) 313px, (min-width: 784px) 417px, (min-width: 712px) 625px, (min-width: 640px) 712px, \" \/><div class=\"fusion-rollover\">\n\t<div class=\"fusion-rollover-content\">\n\n\t\t\t\t\n\t\t\n\t\t\t\t\t\t\t\t\t\t\t\t<h4 class=\"fusion-rollover-title\">\n\t\t\t\t\t<a class=\"fusion-rollover-title-link\" href=\"https:\/\/estudiblanc.net\/es\/proyecto\/libreria-de-la-diputacio-de-barcelona\/\">\n\t\t\t\t\t\tLibrer\u00eda de la Diputaci\u00f3 de Barcelona\t\t\t\t\t<\/a>\n\t\t\t\t<\/h4>\n\t\t\t\n\t\t\t\t\t\t\t\t\t\t<div class=\"fusion-rollover-categories\"><a href=\"https:\/\/estudiblanc.net\/es\/portfolio_category\/diseno-y-comunicacion\/\" rel=\"tag\">Dise\u00f1o y comunicaci\u00f3n<\/a><\/div>\t\t\t\t\t\n\t\t\n\t\t\t\t\t\t<a class=\"fusion-link-wrapper\" href=\"https:\/\/estudiblanc.net\/es\/proyecto\/libreria-de-la-diputacio-de-barcelona\/\" aria-label=\"Librer\u00eda de la Diputaci\u00f3 de Barcelona\"><\/a>\n\t<\/div>\n<\/div>\n<\/div>\n<\/div><\/article><article id=\"portfolio-1-post-4493\" class=\"fusion-portfolio-post diseno-y-comunicacion fusion-col-spacing post-4493\"><div class=\"fusion-portfolio-content-wrapper\" style=\"border:none;\"><div  class=\"fusion-image-wrapper\" aria-haspopup=\"true\">\n\t\t\t\t<img decoding=\"async\" width=\"800\" height=\"800\" src=\"https:\/\/estudiblanc.net\/wp-content\/uploads\/2025\/02\/sant-miquel-del-fai_0.jpg\" class=\"attachment-full size-full wp-post-image\" alt=\"Estudi Blanc I B\u00e0rbara Blanc I Disseny - Proyectos - Sant Miquel del Fai\" srcset=\"https:\/\/estudiblanc.net\/wp-content\/uploads\/2025\/02\/sant-miquel-del-fai_0-200x200.jpg 200w, https:\/\/estudiblanc.net\/wp-content\/uploads\/2025\/02\/sant-miquel-del-fai_0-400x400.jpg 400w, https:\/\/estudiblanc.net\/wp-content\/uploads\/2025\/02\/sant-miquel-del-fai_0-600x600.jpg 600w, https:\/\/estudiblanc.net\/wp-content\/uploads\/2025\/02\/sant-miquel-del-fai_0.jpg 800w\" sizes=\"(min-width: 2200px) 100vw, (min-width: 856px) 313px, (min-width: 784px) 417px, (min-width: 712px) 625px, (min-width: 640px) 712px, \" \/><div class=\"fusion-rollover\">\n\t<div class=\"fusion-rollover-content\">\n\n\t\t\t\t\n\t\t\n\t\t\t\t\t\t\t\t\t\t\t\t<h4 class=\"fusion-rollover-title\">\n\t\t\t\t\t<a class=\"fusion-rollover-title-link\" href=\"https:\/\/estudiblanc.net\/es\/proyecto\/sant-miquel-del-fai\/\">\n\t\t\t\t\t\tSant Miquel del Fai\t\t\t\t\t<\/a>\n\t\t\t\t<\/h4>\n\t\t\t\n\t\t\t\t\t\t\t\t\t\t<div class=\"fusion-rollover-categories\"><a href=\"https:\/\/estudiblanc.net\/es\/portfolio_category\/diseno-y-comunicacion\/\" rel=\"tag\">Dise\u00f1o y comunicaci\u00f3n<\/a><\/div>\t\t\t\t\t\n\t\t\n\t\t\t\t\t\t<a class=\"fusion-link-wrapper\" href=\"https:\/\/estudiblanc.net\/es\/proyecto\/sant-miquel-del-fai\/\" aria-label=\"Sant Miquel del Fai\"><\/a>\n\t<\/div>\n<\/div>\n<\/div>\n<\/div><\/article><article id=\"portfolio-1-post-4491\" class=\"fusion-portfolio-post museografia-y-exposiciones fusion-col-spacing post-4491\"><div class=\"fusion-portfolio-content-wrapper\" style=\"border:none;\"><div  class=\"fusion-image-wrapper\" aria-haspopup=\"true\">\n\t\t\t\t<img decoding=\"async\" width=\"1107\" height=\"1107\" src=\"https:\/\/estudiblanc.net\/wp-content\/uploads\/2022\/10\/Pepito-Zamora_1.jpg\" class=\"attachment-full size-full wp-post-image\" alt=\"Estudi Blanc I B\u00e0rbara Blanc I Disseny - Proyectos - Pepito Zamora, un artista de revista\" srcset=\"https:\/\/estudiblanc.net\/wp-content\/uploads\/2022\/10\/Pepito-Zamora_1-200x200.jpg 200w, https:\/\/estudiblanc.net\/wp-content\/uploads\/2022\/10\/Pepito-Zamora_1-400x400.jpg 400w, https:\/\/estudiblanc.net\/wp-content\/uploads\/2022\/10\/Pepito-Zamora_1-600x600.jpg 600w, https:\/\/estudiblanc.net\/wp-content\/uploads\/2022\/10\/Pepito-Zamora_1-800x800.jpg 800w, https:\/\/estudiblanc.net\/wp-content\/uploads\/2022\/10\/Pepito-Zamora_1.jpg 1107w\" sizes=\"(min-width: 2200px) 100vw, (min-width: 856px) 313px, (min-width: 784px) 417px, (min-width: 712px) 625px, (min-width: 640px) 712px, \" \/><div class=\"fusion-rollover\">\n\t<div class=\"fusion-rollover-content\">\n\n\t\t\t\t\n\t\t\n\t\t\t\t\t\t\t\t\t\t\t\t<h4 class=\"fusion-rollover-title\">\n\t\t\t\t\t<a class=\"fusion-rollover-title-link\" href=\"https:\/\/estudiblanc.net\/es\/proyecto\/pepito-zamora-un-artista-de-revista\/\">\n\t\t\t\t\t\tPepito Zamora, un artista de revista\t\t\t\t\t<\/a>\n\t\t\t\t<\/h4>\n\t\t\t\n\t\t\t\t\t\t\t\t\t\t<div class=\"fusion-rollover-categories\"><a href=\"https:\/\/estudiblanc.net\/es\/portfolio_category\/museografia-y-exposiciones\/\" rel=\"tag\">Museograf\u00eda y exposiciones<\/a><\/div>\t\t\t\t\t\n\t\t\n\t\t\t\t\t\t<a class=\"fusion-link-wrapper\" href=\"https:\/\/estudiblanc.net\/es\/proyecto\/pepito-zamora-un-artista-de-revista\/\" aria-label=\"Pepito Zamora, un artista de revista\"><\/a>\n\t<\/div>\n<\/div>\n<\/div>\n<\/div><\/article><article id=\"portfolio-1-post-4489\" class=\"fusion-portfolio-post museografia-y-exposiciones fusion-col-spacing post-4489\"><div class=\"fusion-portfolio-content-wrapper\" style=\"border:none;\"><div  class=\"fusion-image-wrapper\" aria-haspopup=\"true\">\n\t\t\t\t<img decoding=\"async\" width=\"1107\" height=\"1107\" src=\"https:\/\/estudiblanc.net\/wp-content\/uploads\/2022\/10\/Escola-Industrial_11.jpg\" class=\"attachment-full size-full wp-post-image\" alt=\"Estudi Blanc I B\u00e0rbara Blanc I Disseny - Proyectos - Guastavino, Rubi\u00f3 y Baldrich arquitectos de la Escuela Industrial\" srcset=\"https:\/\/estudiblanc.net\/wp-content\/uploads\/2022\/10\/Escola-Industrial_11-200x200.jpg 200w, https:\/\/estudiblanc.net\/wp-content\/uploads\/2022\/10\/Escola-Industrial_11-400x400.jpg 400w, https:\/\/estudiblanc.net\/wp-content\/uploads\/2022\/10\/Escola-Industrial_11-600x600.jpg 600w, https:\/\/estudiblanc.net\/wp-content\/uploads\/2022\/10\/Escola-Industrial_11-800x800.jpg 800w, https:\/\/estudiblanc.net\/wp-content\/uploads\/2022\/10\/Escola-Industrial_11.jpg 1107w\" sizes=\"(min-width: 2200px) 100vw, (min-width: 856px) 313px, (min-width: 784px) 417px, (min-width: 712px) 625px, (min-width: 640px) 712px, \" \/><div class=\"fusion-rollover\">\n\t<div class=\"fusion-rollover-content\">\n\n\t\t\t\t\n\t\t\n\t\t\t\t\t\t\t\t\t\t\t\t<h4 class=\"fusion-rollover-title\">\n\t\t\t\t\t<a class=\"fusion-rollover-title-link\" href=\"https:\/\/estudiblanc.net\/es\/proyecto\/guastavino-rubio-y-baldrich-arquitectos-de-la-escuela-industrial\/\">\n\t\t\t\t\t\tGuastavino, Rubi\u00f3 y Baldrich arquitectos de la Escuela Industrial\t\t\t\t\t<\/a>\n\t\t\t\t<\/h4>\n\t\t\t\n\t\t\t\t\t\t\t\t\t\t<div class=\"fusion-rollover-categories\"><a href=\"https:\/\/estudiblanc.net\/es\/portfolio_category\/museografia-y-exposiciones\/\" rel=\"tag\">Museograf\u00eda y exposiciones<\/a><\/div>\t\t\t\t\t\n\t\t\n\t\t\t\t\t\t<a class=\"fusion-link-wrapper\" href=\"https:\/\/estudiblanc.net\/es\/proyecto\/guastavino-rubio-y-baldrich-arquitectos-de-la-escuela-industrial\/\" aria-label=\"Guastavino, Rubi\u00f3 y Baldrich arquitectos de la Escuela Industrial\"><\/a>\n\t<\/div>\n<\/div>\n<\/div>\n<\/div><\/article><article id=\"portfolio-1-post-4487\" class=\"fusion-portfolio-post museografia-y-exposiciones fusion-col-spacing post-4487\"><div class=\"fusion-portfolio-content-wrapper\" style=\"border:none;\"><div  class=\"fusion-image-wrapper\" aria-haspopup=\"true\">\n\t\t\t\t<img decoding=\"async\" width=\"1107\" height=\"1107\" src=\"https:\/\/estudiblanc.net\/wp-content\/uploads\/2022\/10\/Artistes_11-1.jpg\" class=\"attachment-full size-full wp-post-image\" alt=\"Estudi Blanc I B\u00e0rbara Blanc I Disseny - Proyectos - Artistas comprometidas con la Rep\u00fablica. 1931-1939\" srcset=\"https:\/\/estudiblanc.net\/wp-content\/uploads\/2022\/10\/Artistes_11-1-200x200.jpg 200w, https:\/\/estudiblanc.net\/wp-content\/uploads\/2022\/10\/Artistes_11-1-400x400.jpg 400w, https:\/\/estudiblanc.net\/wp-content\/uploads\/2022\/10\/Artistes_11-1-600x600.jpg 600w, https:\/\/estudiblanc.net\/wp-content\/uploads\/2022\/10\/Artistes_11-1-800x800.jpg 800w, https:\/\/estudiblanc.net\/wp-content\/uploads\/2022\/10\/Artistes_11-1.jpg 1107w\" sizes=\"(min-width: 2200px) 100vw, (min-width: 856px) 313px, (min-width: 784px) 417px, (min-width: 712px) 625px, (min-width: 640px) 712px, \" \/><div class=\"fusion-rollover\">\n\t<div class=\"fusion-rollover-content\">\n\n\t\t\t\t\n\t\t\n\t\t\t\t\t\t\t\t\t\t\t\t<h4 class=\"fusion-rollover-title\">\n\t\t\t\t\t<a class=\"fusion-rollover-title-link\" href=\"https:\/\/estudiblanc.net\/es\/proyecto\/artistas-comprometidas-con-la-republica-1931-1939\/\">\n\t\t\t\t\t\tArtistas comprometidas con la Rep\u00fablica. 1931-1939\t\t\t\t\t<\/a>\n\t\t\t\t<\/h4>\n\t\t\t\n\t\t\t\t\t\t\t\t\t\t<div class=\"fusion-rollover-categories\"><a href=\"https:\/\/estudiblanc.net\/es\/portfolio_category\/museografia-y-exposiciones\/\" rel=\"tag\">Museograf\u00eda y exposiciones<\/a><\/div>\t\t\t\t\t\n\t\t\n\t\t\t\t\t\t<a class=\"fusion-link-wrapper\" href=\"https:\/\/estudiblanc.net\/es\/proyecto\/artistas-comprometidas-con-la-republica-1931-1939\/\" aria-label=\"Artistas comprometidas con la Rep\u00fablica. 1931-1939\"><\/a>\n\t<\/div>\n<\/div>\n<\/div>\n<\/div><\/article><article id=\"portfolio-1-post-4484\" class=\"fusion-portfolio-post diseno-y-comunicacion fusion-col-spacing post-4484\"><div class=\"fusion-portfolio-content-wrapper\" style=\"border:none;\"><div  class=\"fusion-image-wrapper\" aria-haspopup=\"true\">\n\t\t\t\t<img decoding=\"async\" width=\"922\" height=\"922\" src=\"https:\/\/estudiblanc.net\/wp-content\/uploads\/2021\/09\/torre-de-lespanol-1_5-1.jpg\" class=\"attachment-full size-full wp-post-image\" alt=\"Estudi Blanc I B\u00e0rbara Blanc I Disseny - Proyectos - Torre de l&#039;Espanyol\" srcset=\"https:\/\/estudiblanc.net\/wp-content\/uploads\/2021\/09\/torre-de-lespanol-1_5-1-200x200.jpg 200w, https:\/\/estudiblanc.net\/wp-content\/uploads\/2021\/09\/torre-de-lespanol-1_5-1-400x400.jpg 400w, https:\/\/estudiblanc.net\/wp-content\/uploads\/2021\/09\/torre-de-lespanol-1_5-1-600x600.jpg 600w, https:\/\/estudiblanc.net\/wp-content\/uploads\/2021\/09\/torre-de-lespanol-1_5-1-800x800.jpg 800w, https:\/\/estudiblanc.net\/wp-content\/uploads\/2021\/09\/torre-de-lespanol-1_5-1.jpg 922w\" sizes=\"(min-width: 2200px) 100vw, (min-width: 856px) 313px, (min-width: 784px) 417px, (min-width: 712px) 625px, (min-width: 640px) 712px, \" \/><div class=\"fusion-rollover\">\n\t<div class=\"fusion-rollover-content\">\n\n\t\t\t\t\n\t\t\n\t\t\t\t\t\t\t\t\t\t\t\t<h4 class=\"fusion-rollover-title\">\n\t\t\t\t\t<a class=\"fusion-rollover-title-link\" href=\"https:\/\/estudiblanc.net\/es\/proyecto\/torre-de-lespanyol\/\">\n\t\t\t\t\t\tTorre de l&#8217;Espanyol\t\t\t\t\t<\/a>\n\t\t\t\t<\/h4>\n\t\t\t\n\t\t\t\t\t\t\t\t\t\t<div class=\"fusion-rollover-categories\"><a href=\"https:\/\/estudiblanc.net\/es\/portfolio_category\/diseno-y-comunicacion\/\" rel=\"tag\">Dise\u00f1o y comunicaci\u00f3n<\/a><\/div>\t\t\t\t\t\n\t\t\n\t\t\t\t\t\t<a class=\"fusion-link-wrapper\" href=\"https:\/\/estudiblanc.net\/es\/proyecto\/torre-de-lespanyol\/\" aria-label=\"Torre de l&#8217;Espanyol\"><\/a>\n\t<\/div>\n<\/div>\n<\/div>\n<\/div><\/article><article id=\"portfolio-1-post-4481\" class=\"fusion-portfolio-post museografia-y-exposiciones fusion-col-spacing post-4481\"><div class=\"fusion-portfolio-content-wrapper\" style=\"border:none;\"><div  class=\"fusion-image-wrapper\" aria-haspopup=\"true\">\n\t\t\t\t<img decoding=\"async\" width=\"1107\" height=\"1107\" src=\"https:\/\/estudiblanc.net\/wp-content\/uploads\/2021\/05\/clapes_22.jpg\" class=\"attachment-full size-full wp-post-image\" alt=\"Estudi Blanc I B\u00e0rbara Blanc I Disseny - Proyectos - Palau G\u00fcell. Exposici\u00f3n antol\u00f3gica de Aleix Clap\u00e9s\" srcset=\"https:\/\/estudiblanc.net\/wp-content\/uploads\/2021\/05\/clapes_22-200x200.jpg 200w, https:\/\/estudiblanc.net\/wp-content\/uploads\/2021\/05\/clapes_22-400x400.jpg 400w, https:\/\/estudiblanc.net\/wp-content\/uploads\/2021\/05\/clapes_22-600x600.jpg 600w, https:\/\/estudiblanc.net\/wp-content\/uploads\/2021\/05\/clapes_22-800x800.jpg 800w, https:\/\/estudiblanc.net\/wp-content\/uploads\/2021\/05\/clapes_22.jpg 1107w\" sizes=\"(min-width: 2200px) 100vw, (min-width: 856px) 313px, (min-width: 784px) 417px, (min-width: 712px) 625px, (min-width: 640px) 712px, \" \/><div class=\"fusion-rollover\">\n\t<div class=\"fusion-rollover-content\">\n\n\t\t\t\t\n\t\t\n\t\t\t\t\t\t\t\t\t\t\t\t<h4 class=\"fusion-rollover-title\">\n\t\t\t\t\t<a class=\"fusion-rollover-title-link\" href=\"https:\/\/estudiblanc.net\/es\/proyecto\/palau-guell-exposicion-antologica-de-aleix-clapes\/\">\n\t\t\t\t\t\tPalau G\u00fcell. Exposici\u00f3n antol\u00f3gica de Aleix Clap\u00e9s\t\t\t\t\t<\/a>\n\t\t\t\t<\/h4>\n\t\t\t\n\t\t\t\t\t\t\t\t\t\t<div class=\"fusion-rollover-categories\"><a href=\"https:\/\/estudiblanc.net\/es\/portfolio_category\/museografia-y-exposiciones\/\" rel=\"tag\">Museograf\u00eda y exposiciones<\/a><\/div>\t\t\t\t\t\n\t\t\n\t\t\t\t\t\t<a class=\"fusion-link-wrapper\" href=\"https:\/\/estudiblanc.net\/es\/proyecto\/palau-guell-exposicion-antologica-de-aleix-clapes\/\" aria-label=\"Palau G\u00fcell. Exposici\u00f3n antol\u00f3gica de Aleix Clap\u00e9s\"><\/a>\n\t<\/div>\n<\/div>\n<\/div>\n<\/div><\/article><article id=\"portfolio-1-post-4479\" class=\"fusion-portfolio-post diseno-y-comunicacion fusion-col-spacing post-4479\"><div class=\"fusion-portfolio-content-wrapper\" style=\"border:none;\"><div  class=\"fusion-image-wrapper\" aria-haspopup=\"true\">\n\t\t\t\t<img decoding=\"async\" width=\"769\" height=\"769\" src=\"https:\/\/estudiblanc.net\/wp-content\/uploads\/2021\/05\/la-baells_16-1.jpg\" class=\"attachment-full size-full wp-post-image\" alt=\"Estudi Blanc I B\u00e0rbara Blanc I Disseny - Proyectos - Presa de la Baells\" srcset=\"https:\/\/estudiblanc.net\/wp-content\/uploads\/2021\/05\/la-baells_16-1-200x200.jpg 200w, https:\/\/estudiblanc.net\/wp-content\/uploads\/2021\/05\/la-baells_16-1-400x400.jpg 400w, https:\/\/estudiblanc.net\/wp-content\/uploads\/2021\/05\/la-baells_16-1-600x600.jpg 600w, https:\/\/estudiblanc.net\/wp-content\/uploads\/2021\/05\/la-baells_16-1.jpg 769w\" sizes=\"(min-width: 2200px) 100vw, (min-width: 856px) 313px, (min-width: 784px) 417px, (min-width: 712px) 625px, (min-width: 640px) 712px, \" \/><div class=\"fusion-rollover\">\n\t<div class=\"fusion-rollover-content\">\n\n\t\t\t\t\n\t\t\n\t\t\t\t\t\t\t\t\t\t\t\t<h4 class=\"fusion-rollover-title\">\n\t\t\t\t\t<a class=\"fusion-rollover-title-link\" href=\"https:\/\/estudiblanc.net\/es\/proyecto\/presa-de-la-baells\/\">\n\t\t\t\t\t\tPresa de la Baells\t\t\t\t\t<\/a>\n\t\t\t\t<\/h4>\n\t\t\t\n\t\t\t\t\t\t\t\t\t\t<div class=\"fusion-rollover-categories\"><a href=\"https:\/\/estudiblanc.net\/es\/portfolio_category\/diseno-y-comunicacion\/\" rel=\"tag\">Dise\u00f1o y comunicaci\u00f3n<\/a><\/div>\t\t\t\t\t\n\t\t\n\t\t\t\t\t\t<a class=\"fusion-link-wrapper\" href=\"https:\/\/estudiblanc.net\/es\/proyecto\/presa-de-la-baells\/\" aria-label=\"Presa de la Baells\"><\/a>\n\t<\/div>\n<\/div>\n<\/div>\n<\/div><\/article><article id=\"portfolio-1-post-4477\" class=\"fusion-portfolio-post museografia-y-exposiciones fusion-col-spacing post-4477\"><div class=\"fusion-portfolio-content-wrapper\" style=\"border:none;\"><div  class=\"fusion-image-wrapper\" aria-haspopup=\"true\">\n\t\t\t\t<img decoding=\"async\" width=\"922\" height=\"922\" src=\"https:\/\/estudiblanc.net\/wp-content\/uploads\/2020\/09\/romanic_1.jpg\" class=\"attachment-full size-full wp-post-image\" alt=\"Estudi Blanc I B\u00e0rbara Blanc I Disseny - Proyectos - El rom\u00e1nico del tiempo de Oliba\" srcset=\"https:\/\/estudiblanc.net\/wp-content\/uploads\/2020\/09\/romanic_1-200x200.jpg 200w, https:\/\/estudiblanc.net\/wp-content\/uploads\/2020\/09\/romanic_1-400x400.jpg 400w, https:\/\/estudiblanc.net\/wp-content\/uploads\/2020\/09\/romanic_1-600x600.jpg 600w, https:\/\/estudiblanc.net\/wp-content\/uploads\/2020\/09\/romanic_1-800x800.jpg 800w, https:\/\/estudiblanc.net\/wp-content\/uploads\/2020\/09\/romanic_1.jpg 922w\" sizes=\"(min-width: 2200px) 100vw, (min-width: 856px) 313px, (min-width: 784px) 417px, (min-width: 712px) 625px, (min-width: 640px) 712px, \" \/><div class=\"fusion-rollover\">\n\t<div class=\"fusion-rollover-content\">\n\n\t\t\t\t\n\t\t\n\t\t\t\t\t\t\t\t\t\t\t\t<h4 class=\"fusion-rollover-title\">\n\t\t\t\t\t<a class=\"fusion-rollover-title-link\" href=\"https:\/\/estudiblanc.net\/es\/proyecto\/el-romanico-del-tiempo-de-oliba\/\">\n\t\t\t\t\t\tEl rom\u00e1nico del tiempo de Oliba\t\t\t\t\t<\/a>\n\t\t\t\t<\/h4>\n\t\t\t\n\t\t\t\t\t\t\t\t\t\t<div class=\"fusion-rollover-categories\"><a href=\"https:\/\/estudiblanc.net\/es\/portfolio_category\/museografia-y-exposiciones\/\" rel=\"tag\">Museograf\u00eda y exposiciones<\/a><\/div>\t\t\t\t\t\n\t\t\n\t\t\t\t\t\t<a class=\"fusion-link-wrapper\" href=\"https:\/\/estudiblanc.net\/es\/proyecto\/el-romanico-del-tiempo-de-oliba\/\" aria-label=\"El rom\u00e1nico del tiempo de Oliba\"><\/a>\n\t<\/div>\n<\/div>\n<\/div>\n<\/div><\/article><article id=\"portfolio-1-post-4475\" class=\"fusion-portfolio-post diseno-y-comunicacion fusion-col-spacing post-4475\"><div class=\"fusion-portfolio-content-wrapper\" style=\"border:none;\"><div  class=\"fusion-image-wrapper\" aria-haspopup=\"true\">\n\t\t\t\t<img decoding=\"async\" width=\"1107\" height=\"1107\" src=\"https:\/\/estudiblanc.net\/wp-content\/uploads\/2018\/05\/camidelriu_6-2.jpg\" class=\"attachment-full size-full wp-post-image\" alt=\"Estudi Blanc I B\u00e0rbara Blanc I Disseny - Proyectos - &quot;El cam\u00ed del riu&quot;. Cuatro r\u00edos, un camino\" srcset=\"https:\/\/estudiblanc.net\/wp-content\/uploads\/2018\/05\/camidelriu_6-2-200x200.jpg 200w, https:\/\/estudiblanc.net\/wp-content\/uploads\/2018\/05\/camidelriu_6-2-400x400.jpg 400w, https:\/\/estudiblanc.net\/wp-content\/uploads\/2018\/05\/camidelriu_6-2-600x600.jpg 600w, https:\/\/estudiblanc.net\/wp-content\/uploads\/2018\/05\/camidelriu_6-2-800x800.jpg 800w, https:\/\/estudiblanc.net\/wp-content\/uploads\/2018\/05\/camidelriu_6-2.jpg 1107w\" sizes=\"(min-width: 2200px) 100vw, (min-width: 856px) 313px, (min-width: 784px) 417px, (min-width: 712px) 625px, (min-width: 640px) 712px, \" \/><div class=\"fusion-rollover\">\n\t<div class=\"fusion-rollover-content\">\n\n\t\t\t\t\n\t\t\n\t\t\t\t\t\t\t\t\t\t\t\t<h4 class=\"fusion-rollover-title\">\n\t\t\t\t\t<a class=\"fusion-rollover-title-link\" href=\"https:\/\/estudiblanc.net\/es\/proyecto\/el-cami-del-riu-cuatro-rios-un-camino\/\">\n\t\t\t\t\t\t\u00abEl cam\u00ed del riu\u00bb. Cuatro r\u00edos, un camino\t\t\t\t\t<\/a>\n\t\t\t\t<\/h4>\n\t\t\t\n\t\t\t\t\t\t\t\t\t\t<div class=\"fusion-rollover-categories\"><a href=\"https:\/\/estudiblanc.net\/es\/portfolio_category\/diseno-y-comunicacion\/\" rel=\"tag\">Dise\u00f1o y comunicaci\u00f3n<\/a><\/div>\t\t\t\t\t\n\t\t\n\t\t\t\t\t\t<a class=\"fusion-link-wrapper\" href=\"https:\/\/estudiblanc.net\/es\/proyecto\/el-cami-del-riu-cuatro-rios-un-camino\/\" aria-label=\"\u00abEl cam\u00ed del riu\u00bb. Cuatro r\u00edos, un camino\"><\/a>\n\t<\/div>\n<\/div>\n<\/div>\n<\/div><\/article><article id=\"portfolio-1-post-4473\" class=\"fusion-portfolio-post diseno-y-comunicacion fusion-col-spacing post-4473\"><div class=\"fusion-portfolio-content-wrapper\" style=\"border:none;\"><div  class=\"fusion-image-wrapper\" aria-haspopup=\"true\">\n\t\t\t\t<img decoding=\"async\" width=\"922\" height=\"922\" src=\"https:\/\/estudiblanc.net\/wp-content\/uploads\/2018\/05\/sitges_16.jpg\" class=\"attachment-full size-full wp-post-image\" alt=\"Estudi Blanc I B\u00e0rbara Blanc I Disseny - Proyectos - Museo del Cau Ferrat\" srcset=\"https:\/\/estudiblanc.net\/wp-content\/uploads\/2018\/05\/sitges_16-200x200.jpg 200w, https:\/\/estudiblanc.net\/wp-content\/uploads\/2018\/05\/sitges_16-400x400.jpg 400w, https:\/\/estudiblanc.net\/wp-content\/uploads\/2018\/05\/sitges_16-600x600.jpg 600w, https:\/\/estudiblanc.net\/wp-content\/uploads\/2018\/05\/sitges_16-800x800.jpg 800w, https:\/\/estudiblanc.net\/wp-content\/uploads\/2018\/05\/sitges_16.jpg 922w\" sizes=\"(min-width: 2200px) 100vw, (min-width: 856px) 313px, (min-width: 784px) 417px, (min-width: 712px) 625px, (min-width: 640px) 712px, \" \/><div class=\"fusion-rollover\">\n\t<div class=\"fusion-rollover-content\">\n\n\t\t\t\t\n\t\t\n\t\t\t\t\t\t\t\t\t\t\t\t<h4 class=\"fusion-rollover-title\">\n\t\t\t\t\t<a class=\"fusion-rollover-title-link\" href=\"https:\/\/estudiblanc.net\/es\/proyecto\/museo-del-cau-ferrat\/\">\n\t\t\t\t\t\tMuseo del Cau Ferrat\t\t\t\t\t<\/a>\n\t\t\t\t<\/h4>\n\t\t\t\n\t\t\t\t\t\t\t\t\t\t<div class=\"fusion-rollover-categories\"><a href=\"https:\/\/estudiblanc.net\/es\/portfolio_category\/diseno-y-comunicacion\/\" rel=\"tag\">Dise\u00f1o y comunicaci\u00f3n<\/a><\/div>\t\t\t\t\t\n\t\t\n\t\t\t\t\t\t<a class=\"fusion-link-wrapper\" href=\"https:\/\/estudiblanc.net\/es\/proyecto\/museo-del-cau-ferrat\/\" aria-label=\"Museo del Cau Ferrat\"><\/a>\n\t<\/div>\n<\/div>\n<\/div>\n<\/div><\/article><article id=\"portfolio-1-post-4470\" class=\"fusion-portfolio-post diseno-y-comunicacion fusion-col-spacing post-4470\"><div class=\"fusion-portfolio-content-wrapper\" style=\"border:none;\"><div  class=\"fusion-image-wrapper\" aria-haspopup=\"true\">\n\t\t\t\t<img decoding=\"async\" width=\"922\" height=\"922\" src=\"https:\/\/estudiblanc.net\/wp-content\/uploads\/2018\/02\/museu-del-cau-ferrat_2.jpg\" class=\"attachment-full size-full wp-post-image\" alt=\"Estudi Blanc I B\u00e0rbara Blanc I Disseny - Proyectos - Consorcio de los museos de Sitges\" srcset=\"https:\/\/estudiblanc.net\/wp-content\/uploads\/2018\/02\/museu-del-cau-ferrat_2-200x200.jpg 200w, https:\/\/estudiblanc.net\/wp-content\/uploads\/2018\/02\/museu-del-cau-ferrat_2-400x400.jpg 400w, https:\/\/estudiblanc.net\/wp-content\/uploads\/2018\/02\/museu-del-cau-ferrat_2-600x600.jpg 600w, https:\/\/estudiblanc.net\/wp-content\/uploads\/2018\/02\/museu-del-cau-ferrat_2-800x800.jpg 800w, https:\/\/estudiblanc.net\/wp-content\/uploads\/2018\/02\/museu-del-cau-ferrat_2.jpg 922w\" sizes=\"(min-width: 2200px) 100vw, (min-width: 856px) 313px, (min-width: 784px) 417px, (min-width: 712px) 625px, (min-width: 640px) 712px, \" \/><div class=\"fusion-rollover\">\n\t<div class=\"fusion-rollover-content\">\n\n\t\t\t\t\n\t\t\n\t\t\t\t\t\t\t\t\t\t\t\t<h4 class=\"fusion-rollover-title\">\n\t\t\t\t\t<a class=\"fusion-rollover-title-link\" href=\"https:\/\/estudiblanc.net\/es\/proyecto\/consorcio-de-los-museos-de-sitges-2\/\">\n\t\t\t\t\t\tConsorcio de los museos de Sitges\t\t\t\t\t<\/a>\n\t\t\t\t<\/h4>\n\t\t\t\n\t\t\t\t\t\t\t\t\t\t<div class=\"fusion-rollover-categories\"><a href=\"https:\/\/estudiblanc.net\/es\/portfolio_category\/diseno-y-comunicacion\/\" rel=\"tag\">Dise\u00f1o y comunicaci\u00f3n<\/a><\/div>\t\t\t\t\t\n\t\t\n\t\t\t\t\t\t<a class=\"fusion-link-wrapper\" href=\"https:\/\/estudiblanc.net\/es\/proyecto\/consorcio-de-los-museos-de-sitges-2\/\" aria-label=\"Consorcio de los museos de Sitges\"><\/a>\n\t<\/div>\n<\/div>\n<\/div>\n<\/div><\/article><article id=\"portfolio-1-post-4467\" class=\"fusion-portfolio-post museografia-y-exposiciones fusion-col-spacing post-4467\"><div class=\"fusion-portfolio-content-wrapper\" style=\"border:none;\"><div  class=\"fusion-image-wrapper\" aria-haspopup=\"true\">\n\t\t\t\t<img decoding=\"async\" width=\"1211\" height=\"1211\" src=\"https:\/\/estudiblanc.net\/wp-content\/uploads\/2017\/12\/sitges_12.jpg\" class=\"attachment-full size-full wp-post-image\" alt=\"Estudi Blanc I B\u00e0rbara Blanc I Disseny - Proyectos - Consorcio de los museos de Sitges\" srcset=\"https:\/\/estudiblanc.net\/wp-content\/uploads\/2017\/12\/sitges_12-200x200.jpg 200w, https:\/\/estudiblanc.net\/wp-content\/uploads\/2017\/12\/sitges_12-400x400.jpg 400w, https:\/\/estudiblanc.net\/wp-content\/uploads\/2017\/12\/sitges_12-600x600.jpg 600w, https:\/\/estudiblanc.net\/wp-content\/uploads\/2017\/12\/sitges_12-800x800.jpg 800w, https:\/\/estudiblanc.net\/wp-content\/uploads\/2017\/12\/sitges_12-1200x1200.jpg 1200w, https:\/\/estudiblanc.net\/wp-content\/uploads\/2017\/12\/sitges_12.jpg 1211w\" sizes=\"(min-width: 2200px) 100vw, (min-width: 856px) 313px, (min-width: 784px) 417px, (min-width: 712px) 625px, (min-width: 640px) 712px, \" \/><div class=\"fusion-rollover\">\n\t<div class=\"fusion-rollover-content\">\n\n\t\t\t\t\n\t\t\n\t\t\t\t\t\t\t\t\t\t\t\t<h4 class=\"fusion-rollover-title\">\n\t\t\t\t\t<a class=\"fusion-rollover-title-link\" href=\"https:\/\/estudiblanc.net\/es\/proyecto\/consorcio-de-los-museos-de-sitges\/\">\n\t\t\t\t\t\tConsorcio de los museos de Sitges\t\t\t\t\t<\/a>\n\t\t\t\t<\/h4>\n\t\t\t\n\t\t\t\t\t\t\t\t\t\t<div class=\"fusion-rollover-categories\"><a href=\"https:\/\/estudiblanc.net\/es\/portfolio_category\/museografia-y-exposiciones\/\" rel=\"tag\">Museograf\u00eda y exposiciones<\/a><\/div>\t\t\t\t\t\n\t\t\n\t\t\t\t\t\t<a class=\"fusion-link-wrapper\" href=\"https:\/\/estudiblanc.net\/es\/proyecto\/consorcio-de-los-museos-de-sitges\/\" aria-label=\"Consorcio de los museos de Sitges\"><\/a>\n\t<\/div>\n<\/div>\n<\/div>\n<\/div><\/article><article id=\"portfolio-1-post-4464\" class=\"fusion-portfolio-post diseno-y-comunicacion fusion-col-spacing post-4464\"><div class=\"fusion-portfolio-content-wrapper\" style=\"border:none;\"><div  class=\"fusion-image-wrapper\" aria-haspopup=\"true\">\n\t\t\t\t<img decoding=\"async\" width=\"1211\" height=\"1211\" src=\"https:\/\/estudiblanc.net\/wp-content\/uploads\/2017\/12\/bibliotecatorrelavit_1-1.jpg\" class=\"attachment-full size-full wp-post-image\" alt=\"Estudi Blanc I B\u00e0rbara Blanc I Disseny - Proyectos - Biblioteca Municipal de Torrelavit\" srcset=\"https:\/\/estudiblanc.net\/wp-content\/uploads\/2017\/12\/bibliotecatorrelavit_1-1-200x200.jpg 200w, https:\/\/estudiblanc.net\/wp-content\/uploads\/2017\/12\/bibliotecatorrelavit_1-1-400x400.jpg 400w, https:\/\/estudiblanc.net\/wp-content\/uploads\/2017\/12\/bibliotecatorrelavit_1-1-600x600.jpg 600w, https:\/\/estudiblanc.net\/wp-content\/uploads\/2017\/12\/bibliotecatorrelavit_1-1-800x800.jpg 800w, https:\/\/estudiblanc.net\/wp-content\/uploads\/2017\/12\/bibliotecatorrelavit_1-1-1200x1200.jpg 1200w, https:\/\/estudiblanc.net\/wp-content\/uploads\/2017\/12\/bibliotecatorrelavit_1-1.jpg 1211w\" sizes=\"(min-width: 2200px) 100vw, (min-width: 856px) 313px, (min-width: 784px) 417px, (min-width: 712px) 625px, (min-width: 640px) 712px, \" \/><div class=\"fusion-rollover\">\n\t<div class=\"fusion-rollover-content\">\n\n\t\t\t\t\n\t\t\n\t\t\t\t\t\t\t\t\t\t\t\t<h4 class=\"fusion-rollover-title\">\n\t\t\t\t\t<a class=\"fusion-rollover-title-link\" href=\"https:\/\/estudiblanc.net\/es\/proyecto\/biblioteca-municipal-de-torrelavit\/\">\n\t\t\t\t\t\tBiblioteca Municipal de Torrelavit\t\t\t\t\t<\/a>\n\t\t\t\t<\/h4>\n\t\t\t\n\t\t\t\t\t\t\t\t\t\t<div class=\"fusion-rollover-categories\"><a href=\"https:\/\/estudiblanc.net\/es\/portfolio_category\/diseno-y-comunicacion\/\" rel=\"tag\">Dise\u00f1o y comunicaci\u00f3n<\/a><\/div>\t\t\t\t\t\n\t\t\n\t\t\t\t\t\t<a class=\"fusion-link-wrapper\" href=\"https:\/\/estudiblanc.net\/es\/proyecto\/biblioteca-municipal-de-torrelavit\/\" aria-label=\"Biblioteca Municipal de Torrelavit\"><\/a>\n\t<\/div>\n<\/div>\n<\/div>\n<\/div><\/article><article id=\"portfolio-1-post-4461\" class=\"fusion-portfolio-post diseno-y-comunicacion fusion-col-spacing post-4461\"><div class=\"fusion-portfolio-content-wrapper\" style=\"border:none;\"><div  class=\"fusion-image-wrapper\" aria-haspopup=\"true\">\n\t\t\t\t<img decoding=\"async\" width=\"1152\" height=\"1152\" src=\"https:\/\/estudiblanc.net\/wp-content\/uploads\/2017\/12\/matimanana_7.jpg\" class=\"attachment-full size-full wp-post-image\" alt=\"Estudi Blanc I B\u00e0rbara Blanc I Disseny - Proyectos - Matima\u00f1ana\" srcset=\"https:\/\/estudiblanc.net\/wp-content\/uploads\/2017\/12\/matimanana_7-200x200.jpg 200w, https:\/\/estudiblanc.net\/wp-content\/uploads\/2017\/12\/matimanana_7-400x400.jpg 400w, https:\/\/estudiblanc.net\/wp-content\/uploads\/2017\/12\/matimanana_7-600x600.jpg 600w, https:\/\/estudiblanc.net\/wp-content\/uploads\/2017\/12\/matimanana_7-800x800.jpg 800w, https:\/\/estudiblanc.net\/wp-content\/uploads\/2017\/12\/matimanana_7.jpg 1152w\" sizes=\"(min-width: 2200px) 100vw, (min-width: 856px) 313px, (min-width: 784px) 417px, (min-width: 712px) 625px, (min-width: 640px) 712px, \" \/><div class=\"fusion-rollover\">\n\t<div class=\"fusion-rollover-content\">\n\n\t\t\t\t\n\t\t\n\t\t\t\t\t\t\t\t\t\t\t\t<h4 class=\"fusion-rollover-title\">\n\t\t\t\t\t<a class=\"fusion-rollover-title-link\" href=\"https:\/\/estudiblanc.net\/es\/proyecto\/matimanana\/\">\n\t\t\t\t\t\tMatima\u00f1ana\t\t\t\t\t<\/a>\n\t\t\t\t<\/h4>\n\t\t\t\n\t\t\t\t\t\t\t\t\t\t<div class=\"fusion-rollover-categories\"><a href=\"https:\/\/estudiblanc.net\/es\/portfolio_category\/diseno-y-comunicacion\/\" rel=\"tag\">Dise\u00f1o y comunicaci\u00f3n<\/a><\/div>\t\t\t\t\t\n\t\t\n\t\t\t\t\t\t<a class=\"fusion-link-wrapper\" href=\"https:\/\/estudiblanc.net\/es\/proyecto\/matimanana\/\" aria-label=\"Matima\u00f1ana\"><\/a>\n\t<\/div>\n<\/div>\n<\/div>\n<\/div><\/article><article id=\"portfolio-1-post-4458\" class=\"fusion-portfolio-post diseno-y-comunicacion fusion-col-spacing post-4458\"><div class=\"fusion-portfolio-content-wrapper\" style=\"border:none;\"><div  class=\"fusion-image-wrapper\" aria-haspopup=\"true\">\n\t\t\t\t<img decoding=\"async\" width=\"922\" height=\"922\" src=\"https:\/\/estudiblanc.net\/wp-content\/uploads\/2017\/12\/cdi_4-1.jpg\" class=\"attachment-full size-full wp-post-image\" alt=\"Estudi Blanc I B\u00e0rbara Blanc I Disseny - Proyectos - Centro de interpretaci\u00f3n del agua de Torrelavit\" srcset=\"https:\/\/estudiblanc.net\/wp-content\/uploads\/2017\/12\/cdi_4-1-200x200.jpg 200w, https:\/\/estudiblanc.net\/wp-content\/uploads\/2017\/12\/cdi_4-1-400x400.jpg 400w, https:\/\/estudiblanc.net\/wp-content\/uploads\/2017\/12\/cdi_4-1-600x600.jpg 600w, https:\/\/estudiblanc.net\/wp-content\/uploads\/2017\/12\/cdi_4-1-800x800.jpg 800w, https:\/\/estudiblanc.net\/wp-content\/uploads\/2017\/12\/cdi_4-1.jpg 922w\" sizes=\"(min-width: 2200px) 100vw, (min-width: 856px) 313px, (min-width: 784px) 417px, (min-width: 712px) 625px, (min-width: 640px) 712px, \" \/><div class=\"fusion-rollover\">\n\t<div class=\"fusion-rollover-content\">\n\n\t\t\t\t\n\t\t\n\t\t\t\t\t\t\t\t\t\t\t\t<h4 class=\"fusion-rollover-title\">\n\t\t\t\t\t<a class=\"fusion-rollover-title-link\" href=\"https:\/\/estudiblanc.net\/es\/proyecto\/centro-de-interpretacion-del-agua-de-torrelavit-3\/\">\n\t\t\t\t\t\tCentro de interpretaci\u00f3n del agua de Torrelavit\t\t\t\t\t<\/a>\n\t\t\t\t<\/h4>\n\t\t\t\n\t\t\t\t\t\t\t\t\t\t<div class=\"fusion-rollover-categories\"><a href=\"https:\/\/estudiblanc.net\/es\/portfolio_category\/diseno-y-comunicacion\/\" rel=\"tag\">Dise\u00f1o y comunicaci\u00f3n<\/a><\/div>\t\t\t\t\t\n\t\t\n\t\t\t\t\t\t<a class=\"fusion-link-wrapper\" href=\"https:\/\/estudiblanc.net\/es\/proyecto\/centro-de-interpretacion-del-agua-de-torrelavit-3\/\" aria-label=\"Centro de interpretaci\u00f3n del agua de Torrelavit\"><\/a>\n\t<\/div>\n<\/div>\n<\/div>\n<\/div><\/article><article id=\"portfolio-1-post-4456\" class=\"fusion-portfolio-post diseno-y-comunicacion fusion-col-spacing post-4456\"><div class=\"fusion-portfolio-content-wrapper\" style=\"border:none;\"><div  class=\"fusion-image-wrapper\" aria-haspopup=\"true\">\n\t\t\t\t<img decoding=\"async\" width=\"1152\" height=\"1152\" src=\"https:\/\/estudiblanc.net\/wp-content\/uploads\/2017\/12\/Ajuntament-de-Torrelavit_6.jpg\" class=\"attachment-full size-full wp-post-image\" alt=\"Estudi Blanc I B\u00e0rbara Blanc I Disseny - Proyectos - Ayuntamiento de Torrelavit\" srcset=\"https:\/\/estudiblanc.net\/wp-content\/uploads\/2017\/12\/Ajuntament-de-Torrelavit_6-200x200.jpg 200w, https:\/\/estudiblanc.net\/wp-content\/uploads\/2017\/12\/Ajuntament-de-Torrelavit_6-400x400.jpg 400w, https:\/\/estudiblanc.net\/wp-content\/uploads\/2017\/12\/Ajuntament-de-Torrelavit_6-600x600.jpg 600w, https:\/\/estudiblanc.net\/wp-content\/uploads\/2017\/12\/Ajuntament-de-Torrelavit_6-800x800.jpg 800w, https:\/\/estudiblanc.net\/wp-content\/uploads\/2017\/12\/Ajuntament-de-Torrelavit_6.jpg 1152w\" sizes=\"(min-width: 2200px) 100vw, (min-width: 856px) 313px, (min-width: 784px) 417px, (min-width: 712px) 625px, (min-width: 640px) 712px, \" \/><div class=\"fusion-rollover\">\n\t<div class=\"fusion-rollover-content\">\n\n\t\t\t\t\n\t\t\n\t\t\t\t\t\t\t\t\t\t\t\t<h4 class=\"fusion-rollover-title\">\n\t\t\t\t\t<a class=\"fusion-rollover-title-link\" href=\"https:\/\/estudiblanc.net\/es\/proyecto\/ayuntamiento-de-torrelavit\/\">\n\t\t\t\t\t\tAyuntamiento de Torrelavit\t\t\t\t\t<\/a>\n\t\t\t\t<\/h4>\n\t\t\t\n\t\t\t\t\t\t\t\t\t\t<div class=\"fusion-rollover-categories\"><a href=\"https:\/\/estudiblanc.net\/es\/portfolio_category\/diseno-y-comunicacion\/\" rel=\"tag\">Dise\u00f1o y comunicaci\u00f3n<\/a><\/div>\t\t\t\t\t\n\t\t\n\t\t\t\t\t\t<a class=\"fusion-link-wrapper\" href=\"https:\/\/estudiblanc.net\/es\/proyecto\/ayuntamiento-de-torrelavit\/\" aria-label=\"Ayuntamiento de Torrelavit\"><\/a>\n\t<\/div>\n<\/div>\n<\/div>\n<\/div><\/article><article id=\"portfolio-1-post-4453\" class=\"fusion-portfolio-post diseno-y-comunicacion fusion-col-spacing post-4453\"><div class=\"fusion-portfolio-content-wrapper\" style=\"border:none;\"><div  class=\"fusion-image-wrapper\" aria-haspopup=\"true\">\n\t\t\t\t<img decoding=\"async\" width=\"1211\" height=\"1211\" src=\"https:\/\/estudiblanc.net\/wp-content\/uploads\/2021\/09\/bybambula_10.jpg\" class=\"attachment-full size-full wp-post-image\" alt=\"Estudi Blanc I B\u00e0rbara Blanc I Disseny - Proyectos - By B\u00e1mbula\" srcset=\"https:\/\/estudiblanc.net\/wp-content\/uploads\/2021\/09\/bybambula_10-200x200.jpg 200w, https:\/\/estudiblanc.net\/wp-content\/uploads\/2021\/09\/bybambula_10-400x400.jpg 400w, https:\/\/estudiblanc.net\/wp-content\/uploads\/2021\/09\/bybambula_10-600x600.jpg 600w, https:\/\/estudiblanc.net\/wp-content\/uploads\/2021\/09\/bybambula_10-800x800.jpg 800w, https:\/\/estudiblanc.net\/wp-content\/uploads\/2021\/09\/bybambula_10-1200x1200.jpg 1200w, https:\/\/estudiblanc.net\/wp-content\/uploads\/2021\/09\/bybambula_10.jpg 1211w\" sizes=\"(min-width: 2200px) 100vw, (min-width: 856px) 313px, (min-width: 784px) 417px, (min-width: 712px) 625px, (min-width: 640px) 712px, \" \/><div class=\"fusion-rollover\">\n\t<div class=\"fusion-rollover-content\">\n\n\t\t\t\t\n\t\t\n\t\t\t\t\t\t\t\t\t\t\t\t<h4 class=\"fusion-rollover-title\">\n\t\t\t\t\t<a class=\"fusion-rollover-title-link\" href=\"https:\/\/estudiblanc.net\/es\/proyecto\/by-bambula\/\">\n\t\t\t\t\t\tBy B\u00e1mbula\t\t\t\t\t<\/a>\n\t\t\t\t<\/h4>\n\t\t\t\n\t\t\t\t\t\t\t\t\t\t<div class=\"fusion-rollover-categories\"><a href=\"https:\/\/estudiblanc.net\/es\/portfolio_category\/diseno-y-comunicacion\/\" rel=\"tag\">Dise\u00f1o y comunicaci\u00f3n<\/a><\/div>\t\t\t\t\t\n\t\t\n\t\t\t\t\t\t<a class=\"fusion-link-wrapper\" href=\"https:\/\/estudiblanc.net\/es\/proyecto\/by-bambula\/\" aria-label=\"By B\u00e1mbula\"><\/a>\n\t<\/div>\n<\/div>\n<\/div>\n<\/div><\/article><article id=\"portfolio-1-post-4451\" class=\"fusion-portfolio-post diseno-y-comunicacion fusion-col-spacing post-4451\"><div class=\"fusion-portfolio-content-wrapper\" style=\"border:none;\"><div  class=\"fusion-image-wrapper\" aria-haspopup=\"true\">\n\t\t\t\t<img decoding=\"async\" width=\"922\" height=\"922\" src=\"https:\/\/estudiblanc.net\/wp-content\/uploads\/2017\/12\/bybambula_10-2.jpg\" class=\"attachment-full size-full wp-post-image\" alt=\"Estudi Blanc I B\u00e0rbara Blanc I Disseny - Proyectos - Atelier Concept\" srcset=\"https:\/\/estudiblanc.net\/wp-content\/uploads\/2017\/12\/bybambula_10-2-200x200.jpg 200w, https:\/\/estudiblanc.net\/wp-content\/uploads\/2017\/12\/bybambula_10-2-400x400.jpg 400w, https:\/\/estudiblanc.net\/wp-content\/uploads\/2017\/12\/bybambula_10-2-600x600.jpg 600w, https:\/\/estudiblanc.net\/wp-content\/uploads\/2017\/12\/bybambula_10-2-800x800.jpg 800w, https:\/\/estudiblanc.net\/wp-content\/uploads\/2017\/12\/bybambula_10-2.jpg 922w\" sizes=\"(min-width: 2200px) 100vw, (min-width: 856px) 313px, (min-width: 784px) 417px, (min-width: 712px) 625px, (min-width: 640px) 712px, \" \/><div class=\"fusion-rollover\">\n\t<div class=\"fusion-rollover-content\">\n\n\t\t\t\t\n\t\t\n\t\t\t\t\t\t\t\t\t\t\t\t<h4 class=\"fusion-rollover-title\">\n\t\t\t\t\t<a class=\"fusion-rollover-title-link\" href=\"https:\/\/estudiblanc.net\/es\/proyecto\/atelier-concept\/\">\n\t\t\t\t\t\tAtelier Concept\t\t\t\t\t<\/a>\n\t\t\t\t<\/h4>\n\t\t\t\n\t\t\t\t\t\t\t\t\t\t<div class=\"fusion-rollover-categories\"><a href=\"https:\/\/estudiblanc.net\/es\/portfolio_category\/diseno-y-comunicacion\/\" rel=\"tag\">Dise\u00f1o y comunicaci\u00f3n<\/a><\/div>\t\t\t\t\t\n\t\t\n\t\t\t\t\t\t<a class=\"fusion-link-wrapper\" href=\"https:\/\/estudiblanc.net\/es\/proyecto\/atelier-concept\/\" aria-label=\"Atelier Concept\"><\/a>\n\t<\/div>\n<\/div>\n<\/div>\n<\/div><\/article><article id=\"portfolio-1-post-4449\" class=\"fusion-portfolio-post museografia-y-exposiciones fusion-col-spacing post-4449\"><div class=\"fusion-portfolio-content-wrapper\" style=\"border:none;\"><div  class=\"fusion-image-wrapper\" aria-haspopup=\"true\">\n\t\t\t\t<img decoding=\"async\" width=\"922\" height=\"922\" src=\"https:\/\/estudiblanc.net\/wp-content\/uploads\/2017\/11\/Susqueda_6-4.jpg\" class=\"attachment-full size-full wp-post-image\" alt=\"Estudi Blanc I B\u00e0rbara Blanc I Disseny - Proyectos - 50 a\u00f1os del embalse de Susqueda\" srcset=\"https:\/\/estudiblanc.net\/wp-content\/uploads\/2017\/11\/Susqueda_6-4-200x200.jpg 200w, https:\/\/estudiblanc.net\/wp-content\/uploads\/2017\/11\/Susqueda_6-4-400x400.jpg 400w, https:\/\/estudiblanc.net\/wp-content\/uploads\/2017\/11\/Susqueda_6-4-600x600.jpg 600w, https:\/\/estudiblanc.net\/wp-content\/uploads\/2017\/11\/Susqueda_6-4-800x800.jpg 800w, https:\/\/estudiblanc.net\/wp-content\/uploads\/2017\/11\/Susqueda_6-4.jpg 922w\" sizes=\"(min-width: 2200px) 100vw, (min-width: 856px) 313px, (min-width: 784px) 417px, (min-width: 712px) 625px, (min-width: 640px) 712px, \" \/><div class=\"fusion-rollover\">\n\t<div class=\"fusion-rollover-content\">\n\n\t\t\t\t\n\t\t\n\t\t\t\t\t\t\t\t\t\t\t\t<h4 class=\"fusion-rollover-title\">\n\t\t\t\t\t<a class=\"fusion-rollover-title-link\" href=\"https:\/\/estudiblanc.net\/es\/proyecto\/50-anos-del-embalse-de-susqueda\/\">\n\t\t\t\t\t\t50 a\u00f1os del embalse de Susqueda\t\t\t\t\t<\/a>\n\t\t\t\t<\/h4>\n\t\t\t\n\t\t\t\t\t\t\t\t\t\t<div class=\"fusion-rollover-categories\"><a href=\"https:\/\/estudiblanc.net\/es\/portfolio_category\/museografia-y-exposiciones\/\" rel=\"tag\">Museograf\u00eda y exposiciones<\/a><\/div>\t\t\t\t\t\n\t\t\n\t\t\t\t\t\t<a class=\"fusion-link-wrapper\" href=\"https:\/\/estudiblanc.net\/es\/proyecto\/50-anos-del-embalse-de-susqueda\/\" aria-label=\"50 a\u00f1os del embalse de Susqueda\"><\/a>\n\t<\/div>\n<\/div>\n<\/div>\n<\/div><\/article><article id=\"portfolio-1-post-4446\" class=\"fusion-portfolio-post museografia-y-exposiciones fusion-col-spacing post-4446\"><div class=\"fusion-portfolio-content-wrapper\" style=\"border:none;\"><div  class=\"fusion-image-wrapper\" aria-haspopup=\"true\">\n\t\t\t\t<img decoding=\"async\" width=\"800\" height=\"800\" src=\"https:\/\/estudiblanc.net\/wp-content\/uploads\/2025\/02\/Gala_18.jpg\" class=\"attachment-full size-full wp-post-image\" alt=\"Estudi Blanc I B\u00e0rbara Blanc I Disseny - Proyectos - Showroom Gala, pasarela de ba\u00f1o\" srcset=\"https:\/\/estudiblanc.net\/wp-content\/uploads\/2025\/02\/Gala_18-200x200.jpg 200w, https:\/\/estudiblanc.net\/wp-content\/uploads\/2025\/02\/Gala_18-400x400.jpg 400w, https:\/\/estudiblanc.net\/wp-content\/uploads\/2025\/02\/Gala_18-600x600.jpg 600w, https:\/\/estudiblanc.net\/wp-content\/uploads\/2025\/02\/Gala_18.jpg 800w\" sizes=\"(min-width: 2200px) 100vw, (min-width: 856px) 313px, (min-width: 784px) 417px, (min-width: 712px) 625px, (min-width: 640px) 712px, \" \/><div class=\"fusion-rollover\">\n\t<div class=\"fusion-rollover-content\">\n\n\t\t\t\t\n\t\t\n\t\t\t\t\t\t\t\t\t\t\t\t<h4 class=\"fusion-rollover-title\">\n\t\t\t\t\t<a class=\"fusion-rollover-title-link\" href=\"https:\/\/estudiblanc.net\/es\/proyecto\/showroom-gala-pasarela-de-bano\/\">\n\t\t\t\t\t\tShowroom Gala, pasarela de ba\u00f1o\t\t\t\t\t<\/a>\n\t\t\t\t<\/h4>\n\t\t\t\n\t\t\t\t\t\t\t\t\t\t<div class=\"fusion-rollover-categories\"><a href=\"https:\/\/estudiblanc.net\/es\/portfolio_category\/museografia-y-exposiciones\/\" rel=\"tag\">Museograf\u00eda y exposiciones<\/a><\/div>\t\t\t\t\t\n\t\t\n\t\t\t\t\t\t<a class=\"fusion-link-wrapper\" href=\"https:\/\/estudiblanc.net\/es\/proyecto\/showroom-gala-pasarela-de-bano\/\" aria-label=\"Showroom Gala, pasarela de ba\u00f1o\"><\/a>\n\t<\/div>\n<\/div>\n<\/div>\n<\/div><\/article><article id=\"portfolio-1-post-4444\" class=\"fusion-portfolio-post museografia-y-exposiciones fusion-col-spacing post-4444\"><div class=\"fusion-portfolio-content-wrapper\" style=\"border:none;\"><div  class=\"fusion-image-wrapper\" aria-haspopup=\"true\">\n\t\t\t\t<img decoding=\"async\" width=\"1158\" height=\"1152\" src=\"https:\/\/estudiblanc.net\/wp-content\/uploads\/2017\/11\/Bases-Manresa_8-1.jpg\" class=\"attachment-full size-full wp-post-image\" alt=\"Estudi Blanc I B\u00e0rbara Blanc I Disseny - Proyectos - Los cimientos del Catalanismo pol\u00edtico. Las bases de Manresa, 125 a\u00f1os\" srcset=\"https:\/\/estudiblanc.net\/wp-content\/uploads\/2017\/11\/Bases-Manresa_8-1-200x199.jpg 200w, https:\/\/estudiblanc.net\/wp-content\/uploads\/2017\/11\/Bases-Manresa_8-1-400x398.jpg 400w, https:\/\/estudiblanc.net\/wp-content\/uploads\/2017\/11\/Bases-Manresa_8-1-600x597.jpg 600w, https:\/\/estudiblanc.net\/wp-content\/uploads\/2017\/11\/Bases-Manresa_8-1-800x796.jpg 800w, https:\/\/estudiblanc.net\/wp-content\/uploads\/2017\/11\/Bases-Manresa_8-1.jpg 1158w\" sizes=\"(min-width: 2200px) 100vw, (min-width: 856px) 313px, (min-width: 784px) 417px, (min-width: 712px) 625px, (min-width: 640px) 712px, \" \/><div class=\"fusion-rollover\">\n\t<div class=\"fusion-rollover-content\">\n\n\t\t\t\t\n\t\t\n\t\t\t\t\t\t\t\t\t\t\t\t<h4 class=\"fusion-rollover-title\">\n\t\t\t\t\t<a class=\"fusion-rollover-title-link\" href=\"https:\/\/estudiblanc.net\/es\/proyecto\/los-cimientos-del-catalanismo-politico-las-bases-de-manresa-125-anos\/\">\n\t\t\t\t\t\tLos cimientos del Catalanismo pol\u00edtico. Las bases de Manresa, 125 a\u00f1os\t\t\t\t\t<\/a>\n\t\t\t\t<\/h4>\n\t\t\t\n\t\t\t\t\t\t\t\t\t\t<div class=\"fusion-rollover-categories\"><a href=\"https:\/\/estudiblanc.net\/es\/portfolio_category\/museografia-y-exposiciones\/\" rel=\"tag\">Museograf\u00eda y exposiciones<\/a><\/div>\t\t\t\t\t\n\t\t\n\t\t\t\t\t\t<a class=\"fusion-link-wrapper\" href=\"https:\/\/estudiblanc.net\/es\/proyecto\/los-cimientos-del-catalanismo-politico-las-bases-de-manresa-125-anos\/\" aria-label=\"Los cimientos del Catalanismo pol\u00edtico. Las bases de Manresa, 125 a\u00f1os\"><\/a>\n\t<\/div>\n<\/div>\n<\/div>\n<\/div><\/article><article id=\"portfolio-1-post-4442\" class=\"fusion-portfolio-post museografia-y-exposiciones fusion-col-spacing post-4442\"><div class=\"fusion-portfolio-content-wrapper\" style=\"border:none;\"><div  class=\"fusion-image-wrapper\" aria-haspopup=\"true\">\n\t\t\t\t<img decoding=\"async\" width=\"800\" height=\"800\" src=\"https:\/\/estudiblanc.net\/wp-content\/uploads\/2025\/02\/labaells_4.jpg\" class=\"attachment-full size-full wp-post-image\" alt=\"Estudi Blanc I B\u00e0rbara Blanc I Disseny - Proyectos - Centro de interpretaci\u00f3n de la presa de la Baells\" srcset=\"https:\/\/estudiblanc.net\/wp-content\/uploads\/2025\/02\/labaells_4-200x200.jpg 200w, https:\/\/estudiblanc.net\/wp-content\/uploads\/2025\/02\/labaells_4-400x400.jpg 400w, https:\/\/estudiblanc.net\/wp-content\/uploads\/2025\/02\/labaells_4-600x600.jpg 600w, https:\/\/estudiblanc.net\/wp-content\/uploads\/2025\/02\/labaells_4.jpg 800w\" sizes=\"(min-width: 2200px) 100vw, (min-width: 856px) 313px, (min-width: 784px) 417px, (min-width: 712px) 625px, (min-width: 640px) 712px, \" \/><div class=\"fusion-rollover\">\n\t<div class=\"fusion-rollover-content\">\n\n\t\t\t\t\n\t\t\n\t\t\t\t\t\t\t\t\t\t\t\t<h4 class=\"fusion-rollover-title\">\n\t\t\t\t\t<a class=\"fusion-rollover-title-link\" href=\"https:\/\/estudiblanc.net\/es\/proyecto\/centro-de-interpretacion-de-la-presa-de-la-baells\/\">\n\t\t\t\t\t\tCentro de interpretaci\u00f3n de la presa de la Baells\t\t\t\t\t<\/a>\n\t\t\t\t<\/h4>\n\t\t\t\n\t\t\t\t\t\t\t\t\t\t<div class=\"fusion-rollover-categories\"><a href=\"https:\/\/estudiblanc.net\/es\/portfolio_category\/museografia-y-exposiciones\/\" rel=\"tag\">Museograf\u00eda y exposiciones<\/a><\/div>\t\t\t\t\t\n\t\t\n\t\t\t\t\t\t<a class=\"fusion-link-wrapper\" href=\"https:\/\/estudiblanc.net\/es\/proyecto\/centro-de-interpretacion-de-la-presa-de-la-baells\/\" aria-label=\"Centro de interpretaci\u00f3n de la presa de la Baells\"><\/a>\n\t<\/div>\n<\/div>\n<\/div>\n<\/div><\/article><article id=\"portfolio-1-post-4439\" class=\"fusion-portfolio-post diseno-y-comunicacion fusion-col-spacing post-4439\"><div class=\"fusion-portfolio-content-wrapper\" style=\"border:none;\"><div  class=\"fusion-image-wrapper\" aria-haspopup=\"true\">\n\t\t\t\t<img decoding=\"async\" width=\"1106\" height=\"1106\" src=\"https:\/\/estudiblanc.net\/wp-content\/uploads\/2017\/10\/cditorrelavit_6\u20134-1.jpg\" class=\"attachment-full size-full wp-post-image\" alt=\"Estudi Blanc I B\u00e0rbara Blanc I Disseny - Proyectos - Centro de interpretaci\u00f3n del agua de Torrelavit\" srcset=\"https:\/\/estudiblanc.net\/wp-content\/uploads\/2017\/10\/cditorrelavit_6\u20134-1-200x200.jpg 200w, https:\/\/estudiblanc.net\/wp-content\/uploads\/2017\/10\/cditorrelavit_6\u20134-1-400x400.jpg 400w, https:\/\/estudiblanc.net\/wp-content\/uploads\/2017\/10\/cditorrelavit_6\u20134-1-600x600.jpg 600w, https:\/\/estudiblanc.net\/wp-content\/uploads\/2017\/10\/cditorrelavit_6\u20134-1-800x800.jpg 800w, https:\/\/estudiblanc.net\/wp-content\/uploads\/2017\/10\/cditorrelavit_6\u20134-1.jpg 1106w\" sizes=\"(min-width: 2200px) 100vw, (min-width: 856px) 313px, (min-width: 784px) 417px, (min-width: 712px) 625px, (min-width: 640px) 712px, \" \/><div class=\"fusion-rollover\">\n\t<div class=\"fusion-rollover-content\">\n\n\t\t\t\t\n\t\t\n\t\t\t\t\t\t\t\t\t\t\t\t<h4 class=\"fusion-rollover-title\">\n\t\t\t\t\t<a class=\"fusion-rollover-title-link\" href=\"https:\/\/estudiblanc.net\/es\/proyecto\/centro-de-interpretacion-del-agua-de-torrelavit-2\/\">\n\t\t\t\t\t\tCentro de interpretaci\u00f3n del agua de Torrelavit\t\t\t\t\t<\/a>\n\t\t\t\t<\/h4>\n\t\t\t\n\t\t\t\t\t\t\t\t\t\t<div class=\"fusion-rollover-categories\"><a href=\"https:\/\/estudiblanc.net\/es\/portfolio_category\/diseno-y-comunicacion\/\" rel=\"tag\">Dise\u00f1o y comunicaci\u00f3n<\/a><\/div>\t\t\t\t\t\n\t\t\n\t\t\t\t\t\t<a class=\"fusion-link-wrapper\" href=\"https:\/\/estudiblanc.net\/es\/proyecto\/centro-de-interpretacion-del-agua-de-torrelavit-2\/\" aria-label=\"Centro de interpretaci\u00f3n del agua de Torrelavit\"><\/a>\n\t<\/div>\n<\/div>\n<\/div>\n<\/div><\/article><article id=\"portfolio-1-post-4437\" class=\"fusion-portfolio-post museografia-y-exposiciones fusion-col-spacing post-4437\"><div class=\"fusion-portfolio-content-wrapper\" style=\"border:none;\"><div  class=\"fusion-image-wrapper\" aria-haspopup=\"true\">\n\t\t\t\t<img decoding=\"async\" width=\"922\" height=\"922\" src=\"https:\/\/estudiblanc.net\/wp-content\/uploads\/2017\/10\/Museu_maritim_7-1.jpg\" class=\"attachment-full size-full wp-post-image\" alt=\"Estudi Blanc I B\u00e0rbara Blanc I Disseny - Proyectos - Fragata Barcelona. Museo mar\u00edtimo\" srcset=\"https:\/\/estudiblanc.net\/wp-content\/uploads\/2017\/10\/Museu_maritim_7-1-200x200.jpg 200w, https:\/\/estudiblanc.net\/wp-content\/uploads\/2017\/10\/Museu_maritim_7-1-400x400.jpg 400w, https:\/\/estudiblanc.net\/wp-content\/uploads\/2017\/10\/Museu_maritim_7-1-600x600.jpg 600w, https:\/\/estudiblanc.net\/wp-content\/uploads\/2017\/10\/Museu_maritim_7-1-800x800.jpg 800w, https:\/\/estudiblanc.net\/wp-content\/uploads\/2017\/10\/Museu_maritim_7-1.jpg 922w\" sizes=\"(min-width: 2200px) 100vw, (min-width: 856px) 313px, (min-width: 784px) 417px, (min-width: 712px) 625px, (min-width: 640px) 712px, \" \/><div class=\"fusion-rollover\">\n\t<div class=\"fusion-rollover-content\">\n\n\t\t\t\t\n\t\t\n\t\t\t\t\t\t\t\t\t\t\t\t<h4 class=\"fusion-rollover-title\">\n\t\t\t\t\t<a class=\"fusion-rollover-title-link\" href=\"https:\/\/estudiblanc.net\/es\/proyecto\/fragata-barcelona-museo-maritimo\/\">\n\t\t\t\t\t\tFragata Barcelona. Museo mar\u00edtimo\t\t\t\t\t<\/a>\n\t\t\t\t<\/h4>\n\t\t\t\n\t\t\t\t\t\t\t\t\t\t<div class=\"fusion-rollover-categories\"><a href=\"https:\/\/estudiblanc.net\/es\/portfolio_category\/museografia-y-exposiciones\/\" rel=\"tag\">Museograf\u00eda y exposiciones<\/a><\/div>\t\t\t\t\t\n\t\t\n\t\t\t\t\t\t<a class=\"fusion-link-wrapper\" href=\"https:\/\/estudiblanc.net\/es\/proyecto\/fragata-barcelona-museo-maritimo\/\" aria-label=\"Fragata Barcelona. Museo mar\u00edtimo\"><\/a>\n\t<\/div>\n<\/div>\n<\/div>\n<\/div><\/article><article id=\"portfolio-1-post-4433\" class=\"fusion-portfolio-post diseno-y-comunicacion fusion-col-spacing post-4433\"><div class=\"fusion-portfolio-content-wrapper\" style=\"border:none;\"><div  class=\"fusion-image-wrapper\" aria-haspopup=\"true\">\n\t\t\t\t<img decoding=\"async\" width=\"922\" height=\"922\" src=\"https:\/\/estudiblanc.net\/wp-content\/uploads\/2017\/09\/carlota-3-3.jpg\" class=\"attachment-full size-full wp-post-image\" alt=\"Estudi Blanc I B\u00e0rbara Blanc I Disseny - Proyectos - Carlota Prats\" srcset=\"https:\/\/estudiblanc.net\/wp-content\/uploads\/2017\/09\/carlota-3-3-200x200.jpg 200w, https:\/\/estudiblanc.net\/wp-content\/uploads\/2017\/09\/carlota-3-3-400x400.jpg 400w, https:\/\/estudiblanc.net\/wp-content\/uploads\/2017\/09\/carlota-3-3-600x600.jpg 600w, https:\/\/estudiblanc.net\/wp-content\/uploads\/2017\/09\/carlota-3-3-800x800.jpg 800w, https:\/\/estudiblanc.net\/wp-content\/uploads\/2017\/09\/carlota-3-3.jpg 922w\" sizes=\"(min-width: 2200px) 100vw, (min-width: 856px) 313px, (min-width: 784px) 417px, (min-width: 712px) 625px, (min-width: 640px) 712px, \" \/><div class=\"fusion-rollover\">\n\t<div class=\"fusion-rollover-content\">\n\n\t\t\t\t\n\t\t\n\t\t\t\t\t\t\t\t\t\t\t\t<h4 class=\"fusion-rollover-title\">\n\t\t\t\t\t<a class=\"fusion-rollover-title-link\" href=\"https:\/\/estudiblanc.net\/es\/proyecto\/carlota-prats\/\">\n\t\t\t\t\t\tCarlota Prats\t\t\t\t\t<\/a>\n\t\t\t\t<\/h4>\n\t\t\t\n\t\t\t\t\t\t\t\t\t\t<div class=\"fusion-rollover-categories\"><a href=\"https:\/\/estudiblanc.net\/es\/portfolio_category\/diseno-y-comunicacion\/\" rel=\"tag\">Dise\u00f1o y comunicaci\u00f3n<\/a><\/div>\t\t\t\t\t\n\t\t\n\t\t\t\t\t\t<a class=\"fusion-link-wrapper\" href=\"https:\/\/estudiblanc.net\/es\/proyecto\/carlota-prats\/\" aria-label=\"Carlota Prats\"><\/a>\n\t<\/div>\n<\/div>\n<\/div>\n<\/div><\/article><article id=\"portfolio-1-post-4435\" class=\"fusion-portfolio-post diseno-y-comunicacion fusion-col-spacing post-4435\"><div class=\"fusion-portfolio-content-wrapper\" style=\"border:none;\"><div  class=\"fusion-image-wrapper\" aria-haspopup=\"true\">\n\t\t\t\t<img decoding=\"async\" width=\"1107\" height=\"1107\" src=\"https:\/\/estudiblanc.net\/wp-content\/uploads\/2017\/09\/logivit_2-3.jpg\" class=\"attachment-full size-full wp-post-image\" alt=\"Estudi Blanc I B\u00e0rbara Blanc I Disseny - Proyectos - Logivit International Transport\" srcset=\"https:\/\/estudiblanc.net\/wp-content\/uploads\/2017\/09\/logivit_2-3-200x200.jpg 200w, https:\/\/estudiblanc.net\/wp-content\/uploads\/2017\/09\/logivit_2-3-400x400.jpg 400w, https:\/\/estudiblanc.net\/wp-content\/uploads\/2017\/09\/logivit_2-3-600x600.jpg 600w, https:\/\/estudiblanc.net\/wp-content\/uploads\/2017\/09\/logivit_2-3-800x800.jpg 800w, https:\/\/estudiblanc.net\/wp-content\/uploads\/2017\/09\/logivit_2-3.jpg 1107w\" sizes=\"(min-width: 2200px) 100vw, (min-width: 856px) 313px, (min-width: 784px) 417px, (min-width: 712px) 625px, (min-width: 640px) 712px, \" \/><div class=\"fusion-rollover\">\n\t<div class=\"fusion-rollover-content\">\n\n\t\t\t\t\n\t\t\n\t\t\t\t\t\t\t\t\t\t\t\t<h4 class=\"fusion-rollover-title\">\n\t\t\t\t\t<a class=\"fusion-rollover-title-link\" href=\"https:\/\/estudiblanc.net\/es\/proyecto\/logivit-international-transport\/\">\n\t\t\t\t\t\tLogivit International Transport\t\t\t\t\t<\/a>\n\t\t\t\t<\/h4>\n\t\t\t\n\t\t\t\t\t\t\t\t\t\t<div class=\"fusion-rollover-categories\"><a href=\"https:\/\/estudiblanc.net\/es\/portfolio_category\/diseno-y-comunicacion\/\" rel=\"tag\">Dise\u00f1o y comunicaci\u00f3n<\/a><\/div>\t\t\t\t\t\n\t\t\n\t\t\t\t\t\t<a class=\"fusion-link-wrapper\" href=\"https:\/\/estudiblanc.net\/es\/proyecto\/logivit-international-transport\/\" aria-label=\"Logivit International Transport\"><\/a>\n\t<\/div>\n<\/div>\n<\/div>\n<\/div><\/article><article id=\"portfolio-1-post-4430\" class=\"fusion-portfolio-post museografia-y-exposiciones fusion-col-spacing post-4430\"><div class=\"fusion-portfolio-content-wrapper\" style=\"border:none;\"><div  class=\"fusion-image-wrapper\" aria-haspopup=\"true\">\n\t\t\t\t<img decoding=\"async\" width=\"922\" height=\"922\" src=\"https:\/\/estudiblanc.net\/wp-content\/uploads\/2017\/09\/torneria_14-3.jpg\" class=\"attachment-full size-full wp-post-image\" alt=\"Estudi Blanc I B\u00e0rbara Blanc I Disseny - Proyectos - Museo de la torneria de Torell\u00f3\" srcset=\"https:\/\/estudiblanc.net\/wp-content\/uploads\/2017\/09\/torneria_14-3-200x200.jpg 200w, https:\/\/estudiblanc.net\/wp-content\/uploads\/2017\/09\/torneria_14-3-400x400.jpg 400w, https:\/\/estudiblanc.net\/wp-content\/uploads\/2017\/09\/torneria_14-3-600x600.jpg 600w, https:\/\/estudiblanc.net\/wp-content\/uploads\/2017\/09\/torneria_14-3-800x800.jpg 800w, https:\/\/estudiblanc.net\/wp-content\/uploads\/2017\/09\/torneria_14-3.jpg 922w\" sizes=\"(min-width: 2200px) 100vw, (min-width: 856px) 313px, (min-width: 784px) 417px, (min-width: 712px) 625px, (min-width: 640px) 712px, \" \/><div class=\"fusion-rollover\">\n\t<div class=\"fusion-rollover-content\">\n\n\t\t\t\t\n\t\t\n\t\t\t\t\t\t\t\t\t\t\t\t<h4 class=\"fusion-rollover-title\">\n\t\t\t\t\t<a class=\"fusion-rollover-title-link\" href=\"https:\/\/estudiblanc.net\/es\/proyecto\/museo-de-la-torneria-de-torello\/\">\n\t\t\t\t\t\tMuseo de la torner\u00eda de Torell\u00f3\t\t\t\t\t<\/a>\n\t\t\t\t<\/h4>\n\t\t\t\n\t\t\t\t\t\t\t\t\t\t<div class=\"fusion-rollover-categories\"><a href=\"https:\/\/estudiblanc.net\/es\/portfolio_category\/museografia-y-exposiciones\/\" rel=\"tag\">Museograf\u00eda y exposiciones<\/a><\/div>\t\t\t\t\t\n\t\t\n\t\t\t\t\t\t<a class=\"fusion-link-wrapper\" href=\"https:\/\/estudiblanc.net\/es\/proyecto\/museo-de-la-torneria-de-torello\/\" aria-label=\"Museo de la torner\u00eda de Torell\u00f3\"><\/a>\n\t<\/div>\n<\/div>\n<\/div>\n<\/div><\/article><article id=\"portfolio-1-post-4426\" class=\"fusion-portfolio-post museografia-y-exposiciones fusion-col-spacing post-4426\"><div class=\"fusion-portfolio-content-wrapper\" style=\"border:none;\"><div  class=\"fusion-image-wrapper\" aria-haspopup=\"true\">\n\t\t\t\t<img decoding=\"async\" width=\"1152\" height=\"1152\" src=\"https:\/\/estudiblanc.net\/wp-content\/uploads\/2017\/09\/torrelavi_CDI_16.jpg\" class=\"attachment-full size-full wp-post-image\" alt=\"Estudi Blanc I B\u00e0rbara Blanc I Disseny - Proyectos - Centro de interpretaci\u00f3n del agua de Torrelavit\" srcset=\"https:\/\/estudiblanc.net\/wp-content\/uploads\/2017\/09\/torrelavi_CDI_16-200x200.jpg 200w, https:\/\/estudiblanc.net\/wp-content\/uploads\/2017\/09\/torrelavi_CDI_16-400x400.jpg 400w, https:\/\/estudiblanc.net\/wp-content\/uploads\/2017\/09\/torrelavi_CDI_16-600x600.jpg 600w, https:\/\/estudiblanc.net\/wp-content\/uploads\/2017\/09\/torrelavi_CDI_16-800x800.jpg 800w, https:\/\/estudiblanc.net\/wp-content\/uploads\/2017\/09\/torrelavi_CDI_16.jpg 1152w\" sizes=\"(min-width: 2200px) 100vw, (min-width: 856px) 313px, (min-width: 784px) 417px, (min-width: 712px) 625px, (min-width: 640px) 712px, \" \/><div class=\"fusion-rollover\">\n\t<div class=\"fusion-rollover-content\">\n\n\t\t\t\t\n\t\t\n\t\t\t\t\t\t\t\t\t\t\t\t<h4 class=\"fusion-rollover-title\">\n\t\t\t\t\t<a class=\"fusion-rollover-title-link\" href=\"https:\/\/estudiblanc.net\/es\/proyecto\/centro-de-interpretacion-del-agua-de-torrelavit\/\">\n\t\t\t\t\t\tCentro de interpretaci\u00f3n del agua de Torrelavit\t\t\t\t\t<\/a>\n\t\t\t\t<\/h4>\n\t\t\t\n\t\t\t\t\t\t\t\t\t\t<div class=\"fusion-rollover-categories\"><a href=\"https:\/\/estudiblanc.net\/es\/portfolio_category\/museografia-y-exposiciones\/\" rel=\"tag\">Museograf\u00eda y exposiciones<\/a><\/div>\t\t\t\t\t\n\t\t\n\t\t\t\t\t\t<a class=\"fusion-link-wrapper\" href=\"https:\/\/estudiblanc.net\/es\/proyecto\/centro-de-interpretacion-del-agua-de-torrelavit\/\" aria-label=\"Centro de interpretaci\u00f3n del agua de Torrelavit\"><\/a>\n\t<\/div>\n<\/div>\n<\/div>\n<\/div><\/article><\/div><\/div><\/div><\/div><\/div><\/div><div class=\"fusion-fullwidth fullwidth-box fusion-builder-row-2 fusion-flex-container has-pattern-background has-mask-background hundred-percent-fullwidth non-hundred-percent-height-scrolling\" style=\"--awb-border-radius-top-left:0px;--awb-border-radius-top-right:0px;--awb-border-radius-bottom-right:0px;--awb-border-radius-bottom-left:0px;--awb-flex-wrap:wrap;\" ><div class=\"fusion-builder-row fusion-row fusion-flex-align-items-flex-start fusion-flex-content-wrap\" style=\"width:104% !important;max-width:104% !important;margin-left: calc(-4% \/ 2 );margin-right: calc(-4% \/ 2 );\"><div class=\"fusion-layout-column fusion_builder_column fusion-builder-column-1 fusion_builder_column_1_1 1_1 fusion-flex-column\" style=\"--awb-bg-size:cover;--awb-width-large:100%;--awb-margin-top-large:0px;--awb-spacing-right-large:1.92%;--awb-margin-bottom-large:0px;--awb-spacing-left-large:1.92%;--awb-width-medium:100%;--awb-order-medium:0;--awb-spacing-right-medium:1.92%;--awb-spacing-left-medium:1.92%;--awb-width-small:100%;--awb-order-small:0;--awb-spacing-right-small:1.92%;--awb-spacing-left-small:1.92%;\" data-scroll-devices=\"small-visibility,medium-visibility,large-visibility\"><div class=\"fusion-column-wrapper fusion-column-has-shadow fusion-flex-justify-content-flex-start fusion-content-layout-column\"><div style=\"text-align:center;\"><a class=\"fusion-button button-flat fusion-button-default-size button-default fusion-button-default button-1 fusion-button-default-span fusion-button-default-type\" style=\"--awb-margin-top:10px;--awb-margin-bottom:10px;\" target=\"_self\" href=\"https:\/\/estudiblanc.net\/es\/contacto\/\"><span class=\"fusion-button-text awb-button__text awb-button__text--default\">Contacto<\/span><\/a><\/div><\/div><\/div><\/div><\/div><\/p>\n","protected":false},"excerpt":{"rendered":"","protected":false},"author":1,"featured_media":0,"parent":0,"menu_order":0,"comment_status":"closed","ping_status":"closed","template":"100-width.php","meta":{"footnotes":""},"class_list":["post-4418","page","type-page","status-publish","hentry"],"aioseo_notices":[],"_links":{"self":[{"href":"https:\/\/estudiblanc.net\/es\/wp-json\/wp\/v2\/pages\/4418","targetHints":{"allow":["GET"]}}],"collection":[{"href":"https:\/\/estudiblanc.net\/es\/wp-json\/wp\/v2\/pages"}],"about":[{"href":"https:\/\/estudiblanc.net\/es\/wp-json\/wp\/v2\/types\/page"}],"author":[{"embeddable":true,"href":"https:\/\/estudiblanc.net\/es\/wp-json\/wp\/v2\/users\/1"}],"replies":[{"embeddable":true,"href":"https:\/\/estudiblanc.net\/es\/wp-json\/wp\/v2\/comments?post=4418"}],"version-history":[{"count":2,"href":"https:\/\/estudiblanc.net\/es\/wp-json\/wp\/v2\/pages\/4418\/revisions"}],"predecessor-version":[{"id":4420,"href":"https:\/\/estudiblanc.net\/es\/wp-json\/wp\/v2\/pages\/4418\/revisions\/4420"}],"wp:attachment":[{"href":"https:\/\/estudiblanc.net\/es\/wp-json\/wp\/v2\/media?parent=4418"}],"curies":[{"name":"wp","href":"https:\/\/api.w.org\/{rel}","templated":true}]}}